{"id":63,"date":"2021-06-16T19:32:09","date_gmt":"2021-06-16T19:32:09","guid":{"rendered":"https:\/\/hosting159620.ae813.netcup.net\/wp\/?page_id=63"},"modified":"2025-03-22T10:37:07","modified_gmt":"2025-03-22T10:37:07","slug":"odtlacok","status":"publish","type":"page","link":"https:\/\/csiag.eu\/sk\/impressum\/","title":{"rendered":"Odtla\u010dok"},"content":{"rendered":"<div id=\"ez-toc-container\" class=\"ez-toc-v2_0_86 counter-hierarchy ez-toc-counter ez-toc-grey ez-toc-container-direction\">\n<div class=\"ez-toc-title-container\">\n<p class=\"ez-toc-title\" style=\"cursor:inherit\">Obsah<\/p>\n<span class=\"ez-toc-title-toggle\"><\/span><\/div>\n<nav><ul class='ez-toc-list ez-toc-list-level-1' ><li class='ez-toc-page-1 ez-toc-heading-level-2'><a class=\"ez-toc-link ez-toc-heading-1\" href=\"https:\/\/csiag.eu\/sk\/impressum\/#Haftungsausschluss\" >Zrieknutie sa zodpovednosti<\/a><ul class='ez-toc-list-level-3' ><li class='ez-toc-heading-level-3'><a class=\"ez-toc-link ez-toc-heading-2\" href=\"https:\/\/csiag.eu\/sk\/impressum\/#Haftung_fur_Inhalte\" >Zodpovednos\u0165 za obsah<\/a><\/li><li class='ez-toc-page-1 ez-toc-heading-level-3'><a class=\"ez-toc-link ez-toc-heading-3\" href=\"https:\/\/csiag.eu\/sk\/impressum\/#Haftung_fur_Links\" >Zodpovednos\u0165 za odkazy<\/a><\/li><li class='ez-toc-page-1 ez-toc-heading-level-3'><a class=\"ez-toc-link ez-toc-heading-4\" href=\"https:\/\/csiag.eu\/sk\/impressum\/#Urheberrecht\" >Autorsk\u00e9 pr\u00e1va<\/a><\/li><\/ul><\/li><li class='ez-toc-page-1 ez-toc-heading-level-2'><a class=\"ez-toc-link ez-toc-heading-5\" href=\"https:\/\/csiag.eu\/sk\/impressum\/#Datenschutzhinweis\" >Ozn\u00e1menie o ochrane \u00fadajov<\/a><\/li><li class='ez-toc-page-1 ez-toc-heading-level-2'><a class=\"ez-toc-link ez-toc-heading-6\" href=\"https:\/\/csiag.eu\/sk\/impressum\/#Bildnachweis\" >Obr\u00e1zkov\u00e9 kredity<\/a><\/li><\/ul><\/nav><\/div>\n<span class=\"span-reading-time rt-reading-time\" style=\"display: block;\"><span class=\"rt-label rt-prefix\">\u010cas \u010d\u00edtania<\/span> <span class=\"rt-time\"> 18<\/span> <span class=\"rt-label rt-postfix\">z\u00e1pisnice<\/span><\/span>\n<p class=\"wp-block-paragraph\"><strong>Inform\u00e1cie pod\u013ea \u00a7 5 TMG<\/strong> <strong>a<\/strong> <strong>redak\u010dne zodpovedn\u00e9<\/strong>:<\/p>\n\n\n\n<p class=\"has-text-align-right wp-block-paragraph\">Vyd\u00e1vame sa teda... - h\u013eada\u0165 krajinu, <br>\u017ee \u013eudia st\u00e1le m\u00f4\u017eu \u017ei\u0165 vo vz\u00e1jomnom re\u0161pekte, <br>Pokoj, vz\u00e1jomn\u00e9 uznanie, v\u0161\u00edmavos\u0165, <br>Priate\u013estvo sa ude\u013euje tam, kde sa prenasleduje nespravodlivos\u0165,<br>z\u00e1kony s\u00fa prij\u00edman\u00e9 v mene \u013eudu(!) <br>a spravodlivos\u0165 je v tomto zmysle vykonan\u00e1.<br>.<\/p>\n\n\n\n<p class=\"has-text-align-right wp-block-paragraph\">E-mail: info@csiag.de<\/p>\n\n\n\n<h2 class=\"wp-block-heading\" id=\"haftungsausschluss\"><span class=\"ez-toc-section\" id=\"Haftungsausschluss\"><\/span>Zrieknutie sa zodpovednosti<span class=\"ez-toc-section-end\"><\/span><\/h2>\n\n\n\n<h3 class=\"wp-block-heading\" id=\"haftung-fur-inhalte\"><span class=\"ez-toc-section\" id=\"Haftung_fur_Inhalte\"><\/span><strong>Zodpovednos\u0165 za obsah<\/strong><span class=\"ez-toc-section-end\"><\/span><\/h3>\n\n\n\n<p class=\"wp-block-paragraph\">Obsah t\u00fdchto str\u00e1nok bol vytvoren\u00fd s maxim\u00e1lnou starostlivos\u0165ou. Za spr\u00e1vnos\u0165, \u00faplnos\u0165 a aktu\u00e1lnos\u0165 obsahu nemo\u017eno poskytn\u00fa\u0165 \u017eiadnu z\u00e1ruku. Ako poskytovate\u013e slu\u017eieb sme zodpovedn\u00ed za vlastn\u00fd obsah t\u00fdchto str\u00e1nok v s\u00falade s \u00a7 7 ods. 1 TMG a v\u0161eobecn\u00fdmi z\u00e1konmi. Pod\u013ea \u00a7\u00a7 8 a\u017e 10 TMG nie je prev\u00e1dzkovate\u013e ako poskytovate\u013e slu\u017eieb povinn\u00fd monitorova\u0165 pren\u00e1\u0161an\u00e9 alebo ulo\u017een\u00e9 inform\u00e1cie tret\u00edch str\u00e1n ani vy\u0161etrova\u0165 okolnosti, ktor\u00e9 nazna\u010duj\u00fa nez\u00e1konn\u00fa \u010dinnos\u0165. Povinnosti odstr\u00e1ni\u0165 alebo zablokova\u0165 pou\u017e\u00edvanie inform\u00e1ci\u00ed v s\u00falade so v\u0161eobecn\u00fdmi pr\u00e1vnymi predpismi t\u00fdm nie s\u00fa dotknut\u00e9. Zodpovednos\u0165 v tomto oh\u013eade je mo\u017en\u00e1 a\u017e od okamihu, ke\u010f sa dozvedeli o konkr\u00e9tnom poru\u0161en\u00ed. Hne\u010f ako sa o tak\u00fdchto poru\u0161eniach dozvieme, pr\u00edslu\u0161n\u00fd obsah bude okam\u017eite odstr\u00e1nen\u00fd.<\/p>\n\n\n\n<h3 class=\"wp-block-heading\" id=\"haftung-fur-links\"><span class=\"ez-toc-section\" id=\"Haftung_fur_Links\"><\/span><strong>Zodpovednos\u0165 za odkazy<\/strong><span class=\"ez-toc-section-end\"><\/span><\/h3>\n\n\n\n<p class=\"wp-block-paragraph\">T\u00e1to webov\u00e1 str\u00e1nka obsahuje odkazy na extern\u00e9 webov\u00e9 str\u00e1nky tret\u00edch str\u00e1n, na ktor\u00fdch obsah nem\u00e1me \u017eiadny vplyv, \u010do znamen\u00e1, \u017ee nem\u00f4\u017eeme prevzia\u0165 \u017eiadnu zodpovednos\u0165 za tento obsah tret\u00edch str\u00e1n alebo jeho spr\u00e1vnos\u0165. Za obsah odkazovan\u00fdch str\u00e1nok zodpoved\u00e1 pr\u00edslu\u0161n\u00fd poskytovate\u013e alebo prev\u00e1dzkovate\u013e str\u00e1nok. Prepojen\u00e9 str\u00e1nky boli v \u010dase prepojenia skontrolovan\u00e9 z h\u013eadiska mo\u017en\u00e9ho poru\u0161enia pr\u00e1vnych predpisov. Nez\u00e1konn\u00fd obsah nebol v \u010dase prepojenia rozpoznan\u00fd. Permanentn\u00e9 monitorovanie obsahu odkazovan\u00fdch str\u00e1nok nie je bez konkr\u00e9tnych d\u00f4kazov o poru\u0161en\u00ed z\u00e1kona opodstatnen\u00e9. Ak zist\u00edme poru\u0161enie pr\u00e1vnych predpisov, v\u0161etky odkazy bud\u00fa okam\u017eite odstr\u00e1nen\u00e9.<\/p>\n\n\n\n<h3 class=\"wp-block-heading\" id=\"urheberrecht\"><span class=\"ez-toc-section\" id=\"Urheberrecht\"><\/span><strong>Autorsk\u00e9 pr\u00e1va<\/strong><span class=\"ez-toc-section-end\"><\/span><\/h3>\n\n\n\n<p class=\"wp-block-paragraph\">Obsah a diela reprodukovan\u00e9 na t\u00fdchto str\u00e1nkach m\u00f4\u017eu podlieha\u0165 autorsk\u00fdm pr\u00e1vam. S\u0165ahovanie, kop\u00edrovanie a v\u00fdpisy z t\u00fdchto str\u00e1nok s\u00fa povolen\u00e9 len na s\u00fakromn\u00e9, nekomer\u010dn\u00e9 pou\u017eitie, napr. v in\u00fdch blogoch. Obsah tret\u00edch str\u00e1n je ako tak\u00fd ozna\u010den\u00fd. Ak sa napriek tomu domnievate, \u017ee mohlo d\u00f4js\u0165 k poru\u0161eniu autorsk\u00fdch pr\u00e1v, v\u00fdslovne v\u00e1s \u017eiadame, aby ste n\u00e1s na to upozornili za \u00fa\u010delom preverenia skuto\u010dnost\u00ed. Ak sa o poru\u0161en\u00ed dozvieme, pr\u00edslu\u0161n\u00fd obsah bude okam\u017eite odstr\u00e1nen\u00fd.<\/p>\n\n\n\n<h2 class=\"wp-block-heading\"><span class=\"ez-toc-section\" id=\"Datenschutzhinweis\"><\/span>Ozn\u00e1menie o ochrane \u00fadajov<span class=\"ez-toc-section-end\"><\/span><\/h2>\n\n\n\n<p class=\"wp-block-paragraph\"><strong>Z\u00e1sady ochrany osobn\u00fdch \u00fadajov<\/strong><\/p>\n\n\n\n<p class=\"wp-block-paragraph\"><strong>1. ochrana \u00fadajov v skratke <\/strong><strong>V\u0161eobecn\u00e9 inform\u00e1cie<\/strong><\/p>\n\n\n\n<p class=\"wp-block-paragraph\">Nasleduj\u00face inform\u00e1cie poskytuj\u00fa jednoduch\u00fd preh\u013ead o tom, \u010do sa deje s va\u0161imi osobn\u00fdmi \u00fadajmi, ke\u010f nav\u0161t\u00edvite t\u00fato webov\u00fa lokalitu. Osobn\u00e9 \u00fadaje s\u00fa v\u0161etky \u00fadaje, ktor\u00e9 mo\u017eno pou\u017ei\u0165 na va\u0161u osobn\u00fa identifik\u00e1ciu. Podrobn\u00e9 inform\u00e1cie o predmete ochrany \u00fadajov n\u00e1jdete v na\u0161om vyhl\u00e1sen\u00ed o ochrane \u00fadajov uvedenom pod t\u00fdmto textom.<\/p>\n\n\n\n<p class=\"wp-block-paragraph\"><strong>Zhroma\u017e\u010fovanie \u00fadajov na tejto webovej lokalite<br><\/strong><strong>Kto je zodpovedn\u00fd za zhroma\u017e\u010fovanie \u00fadajov na tejto webovej lokalite?<\/strong><\/p>\n\n\n\n<p class=\"wp-block-paragraph\">Spracovanie \u00fadajov na tejto webovej str\u00e1nke vykon\u00e1va prev\u00e1dzkovate\u013e webovej str\u00e1nky. Kontaktn\u00e9 \u00fadaje prev\u00e1dzkovate\u013ea n\u00e1jdete v \u010dasti \"Inform\u00e1cie o prev\u00e1dzkovate\u013eovi\" t\u00fdchto z\u00e1sad ochrany osobn\u00fdch \u00fadajov.<\/p>\n\n\n\n<p class=\"wp-block-paragraph\"><strong>Ako zhroma\u017e\u010fujeme va\u0161e \u00fadaje?<\/strong><\/p>\n\n\n\n<p class=\"wp-block-paragraph\">Na jednej strane sa va\u0161e \u00fadaje zhroma\u017e\u010fuj\u00fa, ke\u010f n\u00e1m ich poskytnete. M\u00f4\u017ee \u00eds\u0165 napr\u00edklad o \u00fadaje, ktor\u00e9 zad\u00e1te do kontaktn\u00e9ho formul\u00e1ra.<\/p>\n\n\n\n<p class=\"wp-block-paragraph\">Ostatn\u00e9 \u00fadaje zhroma\u017e\u010fuj\u00fa na\u0161e IT syst\u00e9my automaticky alebo s va\u0161\u00edm s\u00fahlasom, ke\u010f nav\u0161t\u00edvite webov\u00e9 str\u00e1nky. Ide predov\u0161etk\u00fdm o technick\u00e9 \u00fadaje (napr. internetov\u00fd prehliada\u010d, opera\u010dn\u00fd syst\u00e9m alebo \u010das zobrazenia str\u00e1nky). Tieto \u00fadaje sa zhroma\u017e\u010fuj\u00fa automaticky hne\u010f po vstupe na t\u00fato webov\u00fa str\u00e1nku.<\/p>\n\n\n\n<p class=\"wp-block-paragraph\"><strong>Na \u010do pou\u017e\u00edvame va\u0161e \u00fadaje?<\/strong><\/p>\n\n\n\n<p class=\"wp-block-paragraph\">Niektor\u00e9 \u00fadaje sa zhroma\u017e\u010fuj\u00fa na zabezpe\u010denie bezchybn\u00e9ho poskytovania webovej str\u00e1nky. In\u00e9 \u00fadaje sa m\u00f4\u017eu pou\u017ei\u0165 na anal\u00fdzu spr\u00e1vania pou\u017e\u00edvate\u013eov.<\/p>\n\n\n\n<p class=\"wp-block-paragraph\"><strong>Ak\u00e9 pr\u00e1va m\u00e1te v s\u00favislosti so svojimi \u00fadajmi?<\/strong><\/p>\n\n\n\n<p class=\"wp-block-paragraph\">M\u00e1te pr\u00e1vo kedyko\u013evek bezplatne z\u00edska\u0165 inform\u00e1cie o p\u00f4vode, pr\u00edjemcovi a \u00fa\u010dele ulo\u017een\u00fdch osobn\u00fdch \u00fadajov. M\u00e1te tie\u017e pr\u00e1vo po\u017eiada\u0165 o opravu alebo vymazanie t\u00fdchto \u00fadajov. Ak ste udelili s\u00fahlas so spracovan\u00edm \u00fadajov, m\u00f4\u017eete tento s\u00fahlas kedyko\u013evek do bud\u00facnosti odvola\u0165. Za ur\u010dit\u00fdch okolnost\u00ed m\u00e1te tie\u017e pr\u00e1vo po\u017eiada\u0165 o obmedzenie spracovania va\u0161ich osobn\u00fdch \u00fadajov. Okrem toho m\u00e1te pr\u00e1vo poda\u0165 s\u0165a\u017enos\u0165 pr\u00edslu\u0161n\u00e9mu dozorn\u00e9mu org\u00e1nu.<\/p>\n\n\n\n<p class=\"wp-block-paragraph\">Ak m\u00e1te \u010fal\u0161ie ot\u00e1zky t\u00fdkaj\u00face sa ochrany \u00fadajov, m\u00f4\u017eete n\u00e1s kedyko\u013evek kontaktova\u0165.<\/p>\n\n\n\n<p class=\"wp-block-paragraph\"><strong>Analytick\u00e9 n\u00e1stroje a n\u00e1stroje od poskytovate\u013eov tret\u00edch str\u00e1n<\/strong><\/p>\n\n\n\n<p class=\"wp-block-paragraph\">Ke\u010f nav\u0161t\u00edvite t\u00fato webov\u00fa lokalitu, va\u0161e spr\u00e1vanie pri surfovan\u00ed m\u00f4\u017ee by\u0165 \u0161tatisticky vyhodnoten\u00e9. To sa vykon\u00e1va najm\u00e4 pomocou takzvan\u00fdch analytick\u00fdch programov.<\/p>\n\n\n\n<p class=\"wp-block-paragraph\">Podrobn\u00e9 inform\u00e1cie o t\u00fdchto analytick\u00fdch programoch n\u00e1jdete v nasleduj\u00facich z\u00e1sad\u00e1ch ochrany osobn\u00fdch \u00fadajov.<\/p>\n\n\n\n<p class=\"wp-block-paragraph\"><strong>2. hosting<\/strong><\/p>\n\n\n\n<p class=\"wp-block-paragraph\">Obsah na\u0161ej webovej str\u00e1nky je umiestnen\u00fd u nasleduj\u00faceho poskytovate\u013ea:<\/p>\n\n\n\n<p class=\"wp-block-paragraph\"><strong>Extern\u00fd hosting<\/strong><\/p>\n\n\n\n<p class=\"wp-block-paragraph\">T\u00e1to webov\u00e1 str\u00e1nka je umiestnen\u00e1 externe. Osobn\u00e9 \u00fadaje zhroma\u017eden\u00e9 na tejto webovej str\u00e1nke s\u00fa ulo\u017een\u00e9 na serveroch hostite\u013ea (hostite\u013eov). M\u00f4\u017ee \u00eds\u0165 o IP adresy, \u017eiadosti o kontakt, meta a komunika\u010dn\u00e9 \u00fadaje, zmluvn\u00e9 \u00fadaje, kontaktn\u00e9 \u00fadaje, men\u00e1, pr\u00edstupy na webov\u00e9 str\u00e1nky a in\u00e9 \u00fadaje generovan\u00e9 prostredn\u00edctvom webovej str\u00e1nky.<\/p>\n\n\n\n<p class=\"wp-block-paragraph\">Extern\u00fd hosting sa vykon\u00e1va na \u00fa\u010dely plnenia zmluvy vo\u010di na\u0161im potenci\u00e1lnym a existuj\u00facim z\u00e1kazn\u00edkom (\u010dl\u00e1nok 6 ods. 1 p\u00edsm. b GDPR) a v z\u00e1ujme bezpe\u010dn\u00e9ho, r\u00fdchleho a efekt\u00edvneho poskytovania na\u0161ej online ponuky profesion\u00e1lnym poskytovate\u013eom (\u010dl\u00e1nok 6 ods. 1 p\u00edsm. f GDPR). Ak bol vy\u017eiadan\u00fd pr\u00edslu\u0161n\u00fd s\u00fahlas, sprac\u00favanie sa vykon\u00e1va v\u00fdlu\u010dne na z\u00e1klade \u010dl. 6 ods. 1 p\u00edsm. a GDPR a \u00a7 25 ods. 1 TTDSG, pokia\u013e s\u00fahlas zah\u0155\u0148a ukladanie s\u00faborov cookie alebo pr\u00edstup k inform\u00e1ci\u00e1m v koncovom zariaden\u00ed pou\u017e\u00edvate\u013ea (napr. odtla\u010dok zariadenia) v zmysle TTDSG. S\u00fahlas je mo\u017en\u00e9 kedyko\u013evek odvola\u0165.<\/p>\n\n\n\n<p class=\"wp-block-paragraph\">N\u00e1\u0161(\u00ed) hostite\u013e(i) bude(\u00fa) sprac\u00fava\u0165 va\u0161e \u00fadaje len v rozsahu potrebnom na plnenie svojich povinnost\u00ed a dodr\u017eiava\u0165 na\u0161e pokyny t\u00fdkaj\u00face sa t\u00fdchto \u00fadajov.<\/p>\n\n\n\n<p class=\"wp-block-paragraph\">Pou\u017e\u00edvame nasleduj\u00faci(-e) hoster(-y):<\/p>\n\n\n\n<p class=\"has-text-align-center wp-block-paragraph\">Fastcomet LLC<br>Apartm\u00e1n 300 - #846<br>350 Townsend Street San Francisco<br>CA 94107 SPOJEN\u00c9 \u0160T\u00c1TY AMERICK\u00c9<\/p>\n\n\n\n<p class=\"wp-block-paragraph\"><strong>Spracovanie objedn\u00e1vok<\/strong><\/p>\n\n\n\n<p class=\"wp-block-paragraph\">Na pou\u017e\u00edvanie uvedenej slu\u017eby sme uzavreli zmluvu o spracovan\u00ed \u00fadajov (DPA). Ide o zmluvu predp\u00edsan\u00fa z\u00e1konom o ochrane osobn\u00fdch \u00fadajov, ktor\u00e1 zaru\u010duje, \u017ee sprac\u00fava osobn\u00e9 \u00fadaje n\u00e1v\u0161tevn\u00edkov na\u0161ich webov\u00fdch str\u00e1nok len v s\u00falade s na\u0161imi pokynmi a v s\u00falade s GDPR.<\/p>\n\n\n\n<p class=\"wp-block-paragraph\"><strong>3. v\u0161eobecn\u00e9 pozn\u00e1mky a povinn\u00e9 inform\u00e1cie o ochrane \u00fadajov<\/strong><\/p>\n\n\n\n<p class=\"wp-block-paragraph\">Prev\u00e1dzkovatelia t\u00fdchto str\u00e1nok ber\u00fa ochranu va\u0161ich osobn\u00fdch \u00fadajov ve\u013emi v\u00e1\u017ene. S va\u0161imi osobn\u00fdmi \u00fadajmi zaobch\u00e1dzame d\u00f4verne a v s\u00falade so z\u00e1konn\u00fdmi predpismi o ochrane \u00fadajov a t\u00fdmito z\u00e1sadami ochrany osobn\u00fdch \u00fadajov.<\/p>\n\n\n\n<p class=\"wp-block-paragraph\">Pri pou\u017e\u00edvan\u00ed tejto webovej str\u00e1nky sa zhroma\u017e\u010fuj\u00fa r\u00f4zne osobn\u00e9 \u00fadaje. Osobn\u00e9 \u00fadaje s\u00fa \u00fadaje, ktor\u00e9 mo\u017eno pou\u017ei\u0165 na va\u0161u osobn\u00fa identifik\u00e1ciu. Tieto z\u00e1sady ochrany osobn\u00fdch \u00fadajov vysvet\u013euj\u00fa, ak\u00e9 \u00fadaje zhroma\u017e\u010fujeme a na \u010do ich pou\u017e\u00edvame. Vysvet\u013euje tie\u017e, ako a na ak\u00fd \u00fa\u010del sa to rob\u00ed.<\/p>\n\n\n\n<p class=\"wp-block-paragraph\">Chceli by sme upozorni\u0165, \u017ee prenos \u00fadajov cez internet (napr. pri komunik\u00e1cii prostredn\u00edctvom e-mailu) m\u00f4\u017ee podlieha\u0165 bezpe\u010dnostn\u00fdm zranite\u013enostiam. \u00dapln\u00e1 ochrana \u00fadajov pred pr\u00edstupom tret\u00edch str\u00e1n nie je mo\u017en\u00e1.<\/p>\n\n\n\n<p class=\"wp-block-paragraph\"><strong>Pozn\u00e1mka o zodpovednom org\u00e1ne<\/strong><\/p>\n\n\n\n<p class=\"wp-block-paragraph\">Prev\u00e1dzkovate\u013e zodpovedn\u00fd za spracovanie \u00fadajov na tejto webovej str\u00e1nke je<\/p>\n\n\n\n<p class=\"wp-block-paragraph\">Achim G\u00f6rner<\/p>\n\n\n\n<p class=\"wp-block-paragraph\">Telef\u00f3n: +49 151 22263322<br>E-mail: info@csiag.de<\/p>\n\n\n\n<p class=\"wp-block-paragraph\">Prev\u00e1dzkovate\u013e je fyzick\u00e1 alebo pr\u00e1vnick\u00e1 osoba, ktor\u00e1 sama alebo spolo\u010dne s in\u00fdmi ur\u010duje \u00fa\u010dely a prostriedky spracovania osobn\u00fdch \u00fadajov (napr. mien, e-mailov\u00fdch adries at\u010f.).<\/p>\n\n\n\n<p class=\"wp-block-paragraph\"><strong>Trvanie skladovania<\/strong><\/p>\n\n\n\n<p class=\"wp-block-paragraph\">Pokia\u013e v t\u00fdchto z\u00e1sad\u00e1ch ochrany osobn\u00fdch \u00fadajov nie je uveden\u00e1 konkr\u00e9tnej\u0161ia doba uchov\u00e1vania, va\u0161e osobn\u00e9 \u00fadaje zostan\u00fa u n\u00e1s, k\u00fdm sa \u00fa\u010del spracovania \u00fadajov nepretrhne. Ak uplatn\u00edte opr\u00e1vnen\u00fa \u017eiados\u0165 o vymazanie alebo odvol\u00e1te svoj s\u00fahlas so spracovan\u00edm \u00fadajov, va\u0161e \u00fadaje bud\u00fa vymazan\u00e9, pokia\u013e nem\u00e1me in\u00e9 pr\u00e1vne pr\u00edpustn\u00e9 d\u00f4vody na uchov\u00e1vanie va\u0161ich osobn\u00fdch \u00fadajov (napr. lehoty uchov\u00e1vania pod\u013ea da\u0148ov\u00e9ho alebo obchodn\u00e9ho pr\u00e1va); v druhom pr\u00edpade sa vymazanie uskuto\u010dn\u00ed po tom, ako tieto d\u00f4vody prestan\u00fa plati\u0165.<\/p>\n\n\n\n<p class=\"wp-block-paragraph\"><strong>V\u0161eobecn\u00e9 inform\u00e1cie o pr\u00e1vnom z\u00e1klade spracovania \u00fadajov na tejto webovej lokalite<\/strong><\/p>\n\n\n\n<p class=\"wp-block-paragraph\">Ak ste s\u00fahlasili so spracovan\u00edm \u00fadajov, sprac\u00favame va\u0161e osobn\u00e9 \u00fadaje na z\u00e1klade \u010dl. 6 ods. 1 p\u00edsm. a GDPR alebo \u010dl. 9 ods. 2 p\u00edsm. a GDPR, pokia\u013e sa sprac\u00favaj\u00fa osobitn\u00e9 kateg\u00f3rie \u00fadajov v s\u00falade s \u010dl. 9 ods. 1 GDPR. V pr\u00edpade v\u00fdslovn\u00e9ho s\u00fahlasu s prenosom osobn\u00fdch \u00fadajov do tret\u00edch kraj\u00edn sa sprac\u00favanie \u00fadajov vykon\u00e1va aj na z\u00e1klade \u010dl. 49 ods. 1 p\u00edsm. a GDPR. V pr\u00edpade s\u00fahlasu s ukladan\u00edm s\u00faborov cookie alebo pr\u00edstupom k inform\u00e1ci\u00e1m vo va\u0161om koncovom zariaden\u00ed (napr. prostredn\u00edctvom odtla\u010dkov zariaden\u00ed) sa sprac\u00favanie \u00fadajov vykon\u00e1va aj na z\u00e1klade \u00a7 25 ods. 1 GDPR. S\u00fahlas m\u00f4\u017eete kedyko\u013evek odvola\u0165. Ak s\u00fa va\u0161e \u00fadaje potrebn\u00e9 na plnenie zmluvy alebo na vykonanie predzmluvn\u00fdch opatren\u00ed, sprac\u00favame va\u0161e \u00fadaje na z\u00e1klade \u010dl. 6 ods. 1 p\u00edsm. b GDPR. Okrem toho sprac\u00favame va\u0161e \u00fadaje, ak je to potrebn\u00e9 na splnenie z\u00e1konnej povinnosti na z\u00e1klade \u010dl. 6 ods. 1 p\u00edsm. c GDPR. Spracovanie \u00fadajov sa m\u00f4\u017ee vykon\u00e1va\u0165 aj na z\u00e1klade n\u00e1\u0161ho opr\u00e1vnen\u00e9ho z\u00e1ujmu v s\u00falade s \u010dl. 6 ods. 1 p\u00edsm. f GDPR. Inform\u00e1cie o pr\u00edslu\u0161n\u00fdch pr\u00e1vnych z\u00e1kladoch v jednotliv\u00fdch pr\u00edpadoch s\u00fa uveden\u00e9 v nasleduj\u00facich odsekoch t\u00fdchto z\u00e1sad ochrany osobn\u00fdch \u00fadajov.<\/p>\n\n\n\n<p class=\"wp-block-paragraph\"><strong>Pozn\u00e1mka k prenosu \u00fadajov do USA a in\u00fdch tret\u00edch kraj\u00edn<\/strong><\/p>\n\n\n\n<p class=\"wp-block-paragraph\">Okrem in\u00e9ho pou\u017e\u00edvame n\u00e1stroje od spolo\u010dnost\u00ed so s\u00eddlom v USA alebo in\u00fdch tret\u00edch krajin\u00e1ch, ktor\u00e9 nie s\u00fa zabezpe\u010den\u00e9 pod\u013ea z\u00e1kona o ochrane \u00fadajov. Ak s\u00fa tieto n\u00e1stroje akt\u00edvne, va\u0161e osobn\u00e9 \u00fadaje m\u00f4\u017eu by\u0165 prenesen\u00e9 do t\u00fdchto tret\u00edch kraj\u00edn a tam spracovan\u00e9. Radi by sme upozornili, \u017ee v t\u00fdchto krajin\u00e1ch nie je mo\u017en\u00e9 zaru\u010di\u0165 \u00farove\u0148 ochrany \u00fadajov porovnate\u013en\u00fa s E\u00da. Napr\u00edklad americk\u00e9 spolo\u010dnosti s\u00fa povinn\u00e9 poskytn\u00fa\u0165 osobn\u00e9 \u00fadaje bezpe\u010dnostn\u00fdm org\u00e1nom bez toho, aby ste ako dotknut\u00e1 osoba mohli proti tomu podnikn\u00fa\u0165 pr\u00e1vne kroky. Nemo\u017eno preto vyl\u00fa\u010di\u0165, \u017ee americk\u00e9 org\u00e1ny (napr. tajn\u00e9 slu\u017eby) m\u00f4\u017eu sprac\u00fava\u0165, analyzova\u0165 a trvalo uchov\u00e1va\u0165 va\u0161e \u00fadaje na americk\u00fdch serveroch na \u00fa\u010dely sledovania. Na tieto \u010dinnosti spracovania nem\u00e1me \u017eiadny vplyv.<\/p>\n\n\n\n<p class=\"wp-block-paragraph\"><strong>Odvolanie v\u00e1\u0161ho s\u00fahlasu so spracovan\u00edm \u00fadajov<\/strong><\/p>\n\n\n\n<p class=\"wp-block-paragraph\">Mnoh\u00e9 oper\u00e1cie spracovania \u00fadajov s\u00fa mo\u017en\u00e9 len s va\u0161\u00edm v\u00fdslovn\u00fdm s\u00fahlasom. Svoj s\u00fahlas m\u00f4\u017eete kedyko\u013evek odvola\u0165. Z\u00e1konnos\u0165 spracovania \u00fadajov vykonan\u00e9ho do odvolania s\u00fahlasu zost\u00e1va odvolan\u00edm nedotknut\u00e1.<\/p>\n\n\n\n<p class=\"wp-block-paragraph\"><strong>Pr\u00e1vo namieta\u0165 proti zhroma\u017e\u010fovaniu \u00fadajov v osobitn\u00fdch pr\u00edpadoch a proti priamemu marketingu (\u010dl\u00e1nok 21 GDPR)<\/strong><\/p>\n\n\n\n<p class=\"wp-block-paragraph\">AK JE SPRACOVANIE \u00daDAJOV ZALO\u017dEN\u00c9 NA \u010cL. 6 ABS. 1 LIT. E ALEBO F GDPR, M\u00c1TE PR\u00c1VO KEDYKO\u013dVEK NAMIETA\u0164 PROTI SPRAC\u00daVANIU VA\u0160ICH OSOBN\u00ddCH \u00daDAJOV Z D\u00d4VODOV T\u00ddKAJ\u00daCICH SA VA\u0160EJ KONKR\u00c9TNEJ SITU\u00c1CIE; TO PLAT\u00cd AJ PRE PROFILOVANIE ZALO\u017dEN\u00c9 NA T\u00ddCHTO USTANOVENIACH. PR\u00cdSLU\u0160N\u00dd PR\u00c1VNY Z\u00c1KLAD, NA KTOROM SA SPRAC\u00daVANIE ZAKLAD\u00c1, N\u00c1JDETE V T\u00ddCHTO Z\u00c1SAD\u00c1CH OCHRANY OSOBN\u00ddCH \u00daDAJOV. AK VZNESIETE N\u00c1MIETKU, NEBUDEME \u010eALEJ SPRAC\u00daVA\u0164 VA\u0160E DOTKNUT\u00c9 OSOBN\u00c9 \u00daDAJE, POKIA\u013d NEPREUK\u00c1\u017dEME Z\u00c1VA\u017dN\u00c9 OPR\u00c1VNEN\u00c9 D\u00d4VODY NA SPRAC\u00daVANIE, KTOR\u00c9 PREVA\u017dUJ\u00da NAD VA\u0160IMI Z\u00c1UJMAMI, PR\u00c1VAMI A SLOBODAMI, ALEBO SPRAC\u00daVANIE NESL\u00da\u017dI NA PREUKAZOVANIE, UPLAT\u0147OVANIE ALEBO OBHAJOVANIE PR\u00c1VNYCH N\u00c1ROKOV (N\u00c1MIETKA POD\u013dA \u010cL. 21 ODS. 1 GDPR).<\/p>\n\n\n\n<p class=\"wp-block-paragraph\">AK SA VA\u0160E OSOBN\u00c9 \u00daDAJE SPRAC\u00daVAJ\u00da NA \u00da\u010cELY PRIAMEHO MARKETINGU, M\u00c1TE PR\u00c1VO KEDYKO\u013dVEK NAMIETA\u0164 PROTI SPRAC\u00daVANIU OSOBN\u00ddCH \u00daDAJOV, KTOR\u00c9 SA V\u00c1S T\u00ddKAJ\u00da, NA \u00da\u010cELY TAK\u00c9HOTO MARKETINGU; TO SA VZ\u0164AHUJE AJ NA PROFILOVANIE, POKIA\u013d S\u00daVIS\u00cd S TAK\u00ddMTO PRIAMYM MARKETINGOM. AK VZNESIETE N\u00c1MIETKU, VA\u0160E OSOBN\u00c9 \u00daDAJE SA N\u00c1SLEDNE U\u017d NEBUD\u00da POU\u017d\u00cdVA\u0164 NA \u00da\u010cELY PRIAMEHO MARKETINGU (N\u00c1MIETKA POD\u013dA \u010cL. 21 ODS. 2 GDPR).<\/p>\n\n\n\n<p class=\"wp-block-paragraph\"><strong>Pr\u00e1vo poda\u0165 s\u0165a\u017enos\u0165 pr\u00edslu\u0161n\u00e9mu dozorn\u00e9mu org\u00e1nu<\/strong><\/p>\n\n\n\n<p class=\"wp-block-paragraph\">V pr\u00edpade poru\u0161enia GDPR maj\u00fa dotknut\u00e9 osoby pr\u00e1vo poda\u0165 s\u0165a\u017enos\u0165 dozorn\u00e9mu org\u00e1nu, najm\u00e4 v \u010dlenskom \u0161t\u00e1te svojho obvykl\u00e9ho pobytu, pracoviska alebo miesta \u00fadajn\u00e9ho poru\u0161enia. Pr\u00e1vo poda\u0165 s\u0165a\u017enos\u0165 sa nedot\u00fdka in\u00fdch spr\u00e1vnych alebo s\u00fadnych opravn\u00fdch prostriedkov.<\/p>\n\n\n\n<p class=\"wp-block-paragraph\"><strong>Pr\u00e1vo na prenosnos\u0165 \u00fadajov<\/strong><\/p>\n\n\n\n<p class=\"wp-block-paragraph\">M\u00e1te pr\u00e1vo na to, aby sme \u00fadaje, ktor\u00e9 sprac\u00favame automaticky na z\u00e1klade v\u00e1\u0161ho s\u00fahlasu alebo v r\u00e1mci plnenia zmluvy, odovzdali v\u00e1m alebo tretej strane v be\u017ene pou\u017e\u00edvanom, strojovo \u010ditate\u013enom form\u00e1te. Ak po\u017eiadate o priamy prenos \u00fadajov in\u00e9mu prev\u00e1dzkovate\u013eovi, uskuto\u010dn\u00ed sa to len vtedy, ak je to technicky mo\u017en\u00e9.<\/p>\n\n\n\n<p class=\"wp-block-paragraph\"><strong>Inform\u00e1cie, vymazanie a oprava<\/strong><\/p>\n\n\n\n<p class=\"wp-block-paragraph\">V r\u00e1mci platn\u00fdch pr\u00e1vnych ustanoven\u00ed m\u00e1te pr\u00e1vo kedyko\u013evek bezplatne z\u00edska\u0165 inform\u00e1cie o svojich ulo\u017een\u00fdch osobn\u00fdch \u00fadajoch, ich p\u00f4vode a pr\u00edjemcovi a \u00fa\u010dele spracovania \u00fadajov a v pr\u00edpade potreby aj pr\u00e1vo na opravu alebo vymazanie t\u00fdchto \u00fadajov. V pr\u00edpade \u010fal\u0161\u00edch ot\u00e1zok t\u00fdkaj\u00facich sa osobn\u00fdch \u00fadajov n\u00e1s m\u00f4\u017eete kedyko\u013evek kontaktova\u0165.<\/p>\n\n\n\n<p class=\"wp-block-paragraph\"><strong>Pr\u00e1vo na obmedzenie spracovania<\/strong><\/p>\n\n\n\n<p class=\"wp-block-paragraph\">M\u00e1te pr\u00e1vo po\u017eiada\u0165 o obmedzenie spracovania va\u0161ich osobn\u00fdch \u00fadajov. V tejto s\u00favislosti n\u00e1s m\u00f4\u017eete kedyko\u013evek kontaktova\u0165. Pr\u00e1vo na obmedzenie spracovania existuje v nasleduj\u00facich pr\u00edpadoch:<\/p>\n\n\n\n<p class=\"wp-block-paragraph\">Ak spochybn\u00edte spr\u00e1vnos\u0165 nami ulo\u017een\u00fdch osobn\u00fdch \u00fadajov, zvy\u010dajne potrebujeme \u010das na ich overenie. Po\u010das trvania kontroly m\u00e1te pr\u00e1vo po\u017eiada\u0165 o obmedzenie sprac\u00favania va\u0161ich osobn\u00fdch \u00fadajov.<br>Ak spracovanie va\u0161ich osobn\u00fdch \u00fadajov bolo\/je nez\u00e1konn\u00e9, m\u00f4\u017eete namiesto vymazania po\u017eiada\u0165 o obmedzenie spracovania \u00fadajov.<\/p>\n\n\n\n<p class=\"wp-block-paragraph\">Ak u\u017e va\u0161e osobn\u00e9 \u00fadaje nepotrebujeme, ale vy ich potrebujete na uplatnenie, obhajobu alebo vym\u00e1hanie pr\u00e1vnych n\u00e1rokov, m\u00e1te pr\u00e1vo po\u017eiada\u0165 o obmedzenie spracovania va\u0161ich osobn\u00fdch \u00fadajov namiesto ich vymazania.<br>Ak ste podali n\u00e1mietku v s\u00falade s \u010dl\u00e1nkom 21 ods. 1 GDPR, je potrebn\u00e9 n\u00e1js\u0165 rovnov\u00e1hu medzi va\u0161imi a na\u0161imi z\u00e1ujmami. Pokia\u013e e\u0161te nebolo ur\u010den\u00e9, \u010die z\u00e1ujmy preva\u017euj\u00fa, m\u00e1te pr\u00e1vo po\u017eadova\u0165 obmedzenie sprac\u00favania va\u0161ich osobn\u00fdch \u00fadajov.<\/p>\n\n\n\n<p class=\"wp-block-paragraph\">Ak ste obmedzili spracovanie svojich osobn\u00fdch \u00fadajov, tieto \u00fadaje - okrem ich ulo\u017eenia - sa m\u00f4\u017eu sprac\u00fava\u0165 len s va\u0161\u00edm s\u00fahlasom alebo na preukazovanie, uplat\u0148ovanie alebo obhajovanie pr\u00e1vnych n\u00e1rokov alebo na ochranu pr\u00e1v inej fyzickej alebo pr\u00e1vnickej osoby alebo z d\u00f4vodov d\u00f4le\u017eit\u00e9ho verejn\u00e9ho z\u00e1ujmu Eur\u00f3pskej \u00fanie alebo \u010dlensk\u00e9ho \u0161t\u00e1tu.<\/p>\n\n\n\n<p class=\"wp-block-paragraph\"><strong>\u0160ifrovanie SSL alebo TLS<\/strong><\/p>\n\n\n\n<p class=\"wp-block-paragraph\">T\u00e1to str\u00e1nka pou\u017e\u00edva \u0161ifrovanie SSL alebo TLS z bezpe\u010dnostn\u00fdch d\u00f4vodov a na ochranu prenosu d\u00f4vern\u00e9ho obsahu, ako s\u00fa objedn\u00e1vky alebo ot\u00e1zky, ktor\u00e9 n\u00e1m ako prev\u00e1dzkovate\u013eovi str\u00e1nky posielate. \u0160ifrovan\u00e9 spojenie spozn\u00e1te pod\u013ea toho, \u017ee adresn\u00fd riadok prehliada\u010da sa zmen\u00ed z \"http:\/\/\" na \"https:\/\/\" a pod\u013ea symbolu z\u00e1mku v riadku prehliada\u010da.<\/p>\n\n\n\n<p class=\"wp-block-paragraph\">Ak je aktivovan\u00e9 \u0161ifrovanie SSL alebo TLS, \u00fadaje, ktor\u00e9 n\u00e1m posielate, nem\u00f4\u017eu \u010d\u00edta\u0165 tretie strany.<\/p>\n\n\n\n<p class=\"wp-block-paragraph\"><strong>N\u00e1mietka proti reklamn\u00fdm e-mailom<\/strong><\/p>\n\n\n\n<p class=\"wp-block-paragraph\">T\u00fdmto namietame proti pou\u017eitiu kontaktn\u00fdch \u00fadajov zverejnen\u00fdch v r\u00e1mci na\u0161ej povinnosti poskytn\u00fa\u0165 z\u00e1konn\u00e9 ozn\u00e1menie na \u00fa\u010dely zasielania nevy\u017eiadan\u00fdch reklamn\u00fdch a informa\u010dn\u00fdch materi\u00e1lov. Prev\u00e1dzkovatelia tejto webovej str\u00e1nky si v\u00fdslovne vyhradzuj\u00fa pr\u00e1vo podnikn\u00fa\u0165 pr\u00e1vne kroky v pr\u00edpade nevy\u017eiadan\u00e9ho zasielania reklamn\u00fdch inform\u00e1ci\u00ed, ako s\u00fa napr\u00edklad nevy\u017eiadan\u00e9 e-maily.<\/p>\n\n\n\n<p class=\"wp-block-paragraph\"><strong>4. zhroma\u017e\u010fovanie \u00fadajov na tejto webovej str\u00e1nke cookies<\/strong><\/p>\n\n\n\n<p class=\"wp-block-paragraph\">Na\u0161e internetov\u00e9 str\u00e1nky pou\u017e\u00edvaj\u00fa takzvan\u00e9 \"cookies\". S\u00fabory cookie s\u00fa mal\u00e9 d\u00e1tov\u00e9 bal\u00edky a nesp\u00f4sobuj\u00fa \u017eiadne po\u0161kodenie v\u00e1\u0161ho koncov\u00e9ho zariadenia. Vo va\u0161om zariaden\u00ed sa ukladaj\u00fa bu\u010f do\u010dasne po\u010das trvania rel\u00e1cie (s\u00fabory cookie rel\u00e1cie), alebo trvalo (trval\u00e9 s\u00fabory cookie). S\u00fabory cookie rel\u00e1cie sa po skon\u010den\u00ed va\u0161ej n\u00e1v\u0161tevy automaticky vyma\u017e\u00fa. Trval\u00e9 s\u00fabory cookie zost\u00e1vaj\u00fa ulo\u017een\u00e9 vo va\u0161om koncovom zariaden\u00ed, k\u00fdm ich sami nevyma\u017eete alebo k\u00fdm ich automaticky nevyma\u017ee v\u00e1\u0161 webov\u00fd prehliada\u010d.<\/p>\n\n\n\n<p class=\"wp-block-paragraph\">S\u00fabory cookie m\u00f4\u017eu poch\u00e1dza\u0165 od n\u00e1s (s\u00fabory cookie prvej strany) alebo od spolo\u010dnost\u00ed tret\u00edch str\u00e1n (tzv. s\u00fabory cookie tret\u00edch str\u00e1n). S\u00fabory cookie tret\u00edch str\u00e1n umo\u017e\u0148uj\u00fa integr\u00e1ciu ur\u010dit\u00fdch slu\u017eieb od spolo\u010dnost\u00ed tret\u00edch str\u00e1n v r\u00e1mci webov\u00fdch str\u00e1nok (napr. s\u00fabory cookie na spracovanie platobn\u00fdch slu\u017eieb).<\/p>\n\n\n\n<p class=\"wp-block-paragraph\">S\u00fabory cookie maj\u00fa r\u00f4zne funkcie. Mnoh\u00e9 s\u00fabory cookie s\u00fa technicky nevyhnutn\u00e9, preto\u017ee niektor\u00e9 funkcie webovej str\u00e1nky by bez nich nefungovali (napr. funkcia n\u00e1kupn\u00e9ho ko\u0161\u00edka alebo zobrazovanie vide\u00ed). In\u00e9 s\u00fabory cookie sa m\u00f4\u017eu pou\u017e\u00edva\u0165 na anal\u00fdzu spr\u00e1vania pou\u017e\u00edvate\u013eov alebo na reklamn\u00e9 \u00fa\u010dely.<\/p>\n\n\n\n<p class=\"wp-block-paragraph\">S\u00fabory cookie, ktor\u00e9 s\u00fa potrebn\u00e9 na realiz\u00e1ciu procesu elektronickej komunik\u00e1cie, na poskytovanie ur\u010dit\u00fdch funkci\u00ed, ktor\u00e9 ste si vy\u017eiadali (napr. pre funkciu n\u00e1kupn\u00e9ho ko\u0161\u00edka), alebo na optimaliz\u00e1ciu webovej str\u00e1nky (napr. s\u00fabory cookie na meranie n\u00e1v\u0161tevnosti webu) (nevyhnutn\u00e9 s\u00fabory cookie), sa ukladaj\u00fa na z\u00e1klade \u010dl\u00e1nku 6 ods. 1 p\u00edsm. f GDPR, pokia\u013e nie je uveden\u00fd in\u00fd pr\u00e1vny z\u00e1klad. Prev\u00e1dzkovate\u013e webovej str\u00e1nky m\u00e1 opr\u00e1vnen\u00fd z\u00e1ujem na ukladan\u00ed nevyhnutn\u00fdch s\u00faborov cookie na technicky bezchybn\u00e9 a optimalizovan\u00e9 poskytovanie svojich slu\u017eieb. Ak bol vy\u017eiadan\u00fd s\u00fahlas s ukladan\u00edm s\u00faborov cookie a porovnate\u013en\u00fdch rozpozn\u00e1vac\u00edch technol\u00f3gi\u00ed, sprac\u00favanie sa vykon\u00e1va v\u00fdlu\u010dne na z\u00e1klade tohto s\u00fahlasu (\u010dl. 6 ods. 1 p\u00edsm. a GDPR a \u00a7 25 ods. 1 TTDSG); s\u00fahlas mo\u017eno kedyko\u013evek odvola\u0165.<\/p>\n\n\n\n<p class=\"wp-block-paragraph\">Svoj prehliada\u010d m\u00f4\u017eete nastavi\u0165 tak, aby ste boli informovan\u00ed o nastavovan\u00ed s\u00faborov cookie a povolili s\u00fabory cookie len v jednotliv\u00fdch pr\u00edpadoch, vyl\u00fa\u010dili prij\u00edmanie s\u00faborov cookie pre ur\u010dit\u00e9 pr\u00edpady alebo v\u0161eobecne a aktivovali automatick\u00e9 vymazanie s\u00faborov cookie pri zatvoren\u00ed prehliada\u010da. Ak s\u00fa s\u00fabory cookie deaktivovan\u00e9, funk\u010dnos\u0165 tejto webovej str\u00e1nky m\u00f4\u017ee by\u0165 obmedzen\u00e1.<\/p>\n\n\n\n<p class=\"wp-block-paragraph\">Ktor\u00e9 s\u00fabory cookie a slu\u017eby sa pou\u017e\u00edvaj\u00fa na tejto webovej lokalite, n\u00e1jdete v t\u00fdchto z\u00e1sad\u00e1ch ochrany osobn\u00fdch \u00fadajov.<\/p>\n\n\n\n<p class=\"wp-block-paragraph\"><strong>5. soci\u00e1lne m\u00e9di\u00e1 <\/strong><strong>Facebook<\/strong><\/p>\n\n\n\n<p class=\"wp-block-paragraph\">Na tejto webovej str\u00e1nke s\u00fa integrovan\u00e9 prvky soci\u00e1lnej siete Facebook. Poskytovate\u013eom tejto slu\u017eby je<\/p>\n\n\n\n<p class=\"has-text-align-center wp-block-paragraph\">Meta Platforms Ireland Limited<br>N\u00e1mestie Grand Canal 4<br>Dublin 2<br>\u00cdrsko<\/p>\n\n\n\n<p class=\"wp-block-paragraph\">Pod\u013ea spolo\u010dnosti Facebook sa v\u0161ak zozbieran\u00e9 \u00fadaje pren\u00e1\u0161aj\u00fa aj do USA a \u010fal\u0161\u00edch tret\u00edch kraj\u00edn.<\/p>\n\n\n\n<p class=\"wp-block-paragraph\">Preh\u013ead prvkov soci\u00e1lnych m\u00e9di\u00ed na Facebooku n\u00e1jdete tu: <a href=\"https:\/\/developers.facebook.com\/docs\/plugins\/?locale=de_DE\" target=\"_blank\" rel=\"noreferrer noopener\">https:\/\/developers.facebook.com\/docs\/plugins\/?locale=de_DE<\/a>.<\/p>\n\n\n\n<p class=\"wp-block-paragraph\">Ke\u010f je prvok soci\u00e1lnych m\u00e9di\u00ed akt\u00edvny, vytvor\u00ed sa priame spojenie medzi koncov\u00fdm zariaden\u00edm a serverom Facebook. Spolo\u010dnos\u0165 Facebook z\u00edskava inform\u00e1cie o tom, \u017ee ste nav\u0161t\u00edvili t\u00fato webov\u00fa lokalitu s va\u0161ou IP adresou. Ak kliknete na tla\u010didlo \"To sa mi p\u00e1\u010di\" na Facebooku, ke\u010f ste prihl\u00e1sen\u00ed do svojho konta na Facebooku, m\u00f4\u017eete prepoji\u0165 obsah tejto webovej str\u00e1nky so svoj\u00edm profilom na Facebooku. To umo\u017e\u0148uje spolo\u010dnosti Facebook priradi\u0165 va\u0161u n\u00e1v\u0161tevu tejto webovej lokality k v\u00e1\u0161mu pou\u017e\u00edvate\u013esk\u00e9mu kontu. Radi by sme upozornili, \u017ee ako poskytovate\u013e str\u00e1nok nem\u00e1me vedomos\u0165 o obsahu pren\u00e1\u0161an\u00fdch \u00fadajov ani o ich pou\u017eit\u00ed spolo\u010dnos\u0165ou Facebook. \u010eal\u0161ie inform\u00e1cie o tom n\u00e1jdete v z\u00e1sad\u00e1ch ochrany osobn\u00fdch \u00fadajov spolo\u010dnosti Facebook na adrese <a href=\"https:\/\/de-de.facebook.com\/privacy\/explanation.\" target=\"_blank\" rel=\"noopener\">https:\/\/de-de.facebook.com\/privacy\/explanation.<\/a><\/p>\n\n\n\n<p class=\"wp-block-paragraph\">Ak bol z\u00edskan\u00fd s\u00fahlas, uveden\u00e1 slu\u017eba sa pou\u017e\u00edva na z\u00e1klade \u010dl. 6 ods. 1 p\u00edsm. a GDPR a \u00a7 25 TTDSG. S\u00fahlas je mo\u017en\u00e9 kedyko\u013evek odvola\u0165. Ak s\u00fahlas nebol z\u00edskan\u00fd, slu\u017eba sa pou\u017e\u00edva na z\u00e1klade n\u00e1\u0161ho opr\u00e1vnen\u00e9ho z\u00e1ujmu na \u010do naj\u0161ir\u0161om zvidite\u013enen\u00ed v soci\u00e1lnych m\u00e9di\u00e1ch.<\/p>\n\n\n\n<p class=\"wp-block-paragraph\">Pokia\u013e s\u00fa osobn\u00e9 \u00fadaje zhroma\u017e\u010fovan\u00e9 na na\u0161ej webovej str\u00e1nke pomocou tu op\u00edsan\u00e9ho n\u00e1stroja a odosielan\u00e9 spolo\u010dnosti Facebook, my a <\/p>\n\n\n\n<p class=\"has-text-align-center wp-block-paragraph\">Meta Platforms Ireland Limited<br>N\u00e1mestie Grand Canal 4<br>Pr\u00edstav Grand Canal<br>Dublin 2<br>\u00cdrsko<\/p>\n\n\n\n<p class=\"wp-block-paragraph\">spolo\u010dne zodpovedn\u00ed za spracovanie t\u00fdchto \u00fadajov (\u010dl\u00e1nok 26 GDPR). Spolo\u010dn\u00e1 zodpovednos\u0165 sa obmedzuje v\u00fdlu\u010dne na zhroma\u017e\u010fovanie \u00fadajov a ich zasielanie spolo\u010dnosti Facebook. Sprac\u00favanie \u00fadajov vykon\u00e1van\u00e9 spolo\u010dnos\u0165ou Facebook po ich post\u00fapen\u00ed nie je s\u00fa\u010das\u0165ou spolo\u010dnej zodpovednosti. Povinnosti, ktor\u00e9 n\u00e1m spolo\u010dne prin\u00e1le\u017eia, boli stanoven\u00e9 v dohode o spolo\u010dnom sprac\u00favan\u00ed. Znenie dohody n\u00e1jdete na adrese <a href=\"https:\/\/www.facebook.com\/legal\/controller_addendum\" target=\"_blank\" rel=\"noreferrer noopener\">https:\/\/www.facebook.com\/legal\/controller_addendum<\/a>. Pod\u013ea tejto dohody sme zodpovedn\u00ed za poskytovanie inform\u00e1ci\u00ed o ochrane \u00fadajov pri pou\u017e\u00edvan\u00ed n\u00e1stroja Facebook a za bezpe\u010dn\u00fa implement\u00e1ciu n\u00e1stroja na na\u0161ej webovej str\u00e1nke v s\u00falade so z\u00e1konom o ochrane \u00fadajov. Spolo\u010dnos\u0165 Facebook je zodpovedn\u00e1 za bezpe\u010dnos\u0165 \u00fadajov v produktoch spolo\u010dnosti Facebook. Pr\u00e1va dotknut\u00fdch os\u00f4b (napr. \u017eiadosti o inform\u00e1cie) t\u00fdkaj\u00face sa \u00fadajov sprac\u00favan\u00fdch spolo\u010dnos\u0165ou Facebook m\u00f4\u017eete uplatni\u0165 priamo u spolo\u010dnosti Facebook. Ak uplatn\u00edte svoje pr\u00e1va dotknutej osoby u n\u00e1s, sme povinn\u00ed ich post\u00fapi\u0165 spolo\u010dnosti Facebook.<\/p>\n\n\n\n<p class=\"wp-block-paragraph\">Prenos \u00fadajov do USA sa uskuto\u010d\u0148uje na z\u00e1klade \u0161tandardn\u00fdch zmluvn\u00fdch dolo\u017eiek Komisie E\u00da. Podrobnosti n\u00e1jdete tu:<br><a href=\"https:\/\/www.facebook.com\/legal\/EU_data_transfer_addendum\" target=\"_blank\" rel=\"noreferrer noopener\">https:\/\/www.facebook.com\/legal\/EU_data_transfer_addendum<\/a><br><a href=\"https:\/\/de-de.facebook.com\/help\/566994660333381\" target=\"_blank\" rel=\"noreferrer noopener\">https:\/\/de-de.facebook.com\/help\/566994660333381<\/a> a<br><a href=\"https:\/\/www.facebook.com\/policy.php.\" target=\"_blank\" rel=\"noreferrer noopener\">https:\/\/www.facebook.com\/policy.php.<\/a><\/p>\n\n\n\n<p class=\"wp-block-paragraph\"><strong>Twitter<\/strong><\/p>\n\n\n\n<p class=\"wp-block-paragraph\">Funkcie slu\u017eby Twitter s\u00fa integrovan\u00e9 na tejto webovej str\u00e1nke. Tieto funkcie pon\u00faka<\/p>\n\n\n\n<p class=\"has-text-align-center wp-block-paragraph\">Medzin\u00e1rodn\u00e1 spolo\u010dnos\u0165 Twitter<br>One Cumberland Place<br>Ulica Fenian<br>Dublin 2<br>D02 AX07<br>\u00cdrsko<\/p>\n\n\n\n<p class=\"wp-block-paragraph\">Ke\u010f je prvok soci\u00e1lnych m\u00e9di\u00ed akt\u00edvny, vytvor\u00ed sa priame spojenie medzi va\u0161\u00edm zariaden\u00edm a serverom Twitter. Twitter tak z\u00edskava inform\u00e1cie o va\u0161ej n\u00e1v\u0161teve tejto webovej str\u00e1nky. Pou\u017e\u00edvan\u00edm slu\u017eby Twitter a funkcie \"Re-Tweet\" s\u00fa vami nav\u0161t\u00edven\u00e9 webov\u00e9 str\u00e1nky prepojen\u00e9 s va\u0161\u00edm \u00fa\u010dtom na Twitteri a spr\u00edstupnen\u00e9 ostatn\u00fdm pou\u017e\u00edvate\u013eom. Radi by sme upozornili, \u017ee<\/p>\n\n\n\n<p class=\"wp-block-paragraph\">Ako poskytovate\u013e str\u00e1nok nem\u00e1me vedomos\u0165 o obsahu pren\u00e1\u0161an\u00fdch \u00fadajov ani o ich pou\u017eit\u00ed spolo\u010dnos\u0165ou Twitter. \u010eal\u0161ie inform\u00e1cie o tom n\u00e1jdete v z\u00e1sad\u00e1ch ochrany osobn\u00fdch \u00fadajov spolo\u010dnosti Twitter na adrese: <a href=\"https:\/\/twitter.com\/de\/privacy\" target=\"_blank\" rel=\"noreferrer noopener\">https:\/\/twitter.com\/de\/privacy<\/a>.<\/p>\n\n\n\n<p class=\"wp-block-paragraph\">Ak bol z\u00edskan\u00fd s\u00fahlas, uveden\u00e1 slu\u017eba sa pou\u017e\u00edva na z\u00e1klade \u010dl. 6 ods. 1 p\u00edsm. a GDPR a \u00a7 25 TTDSG. S\u00fahlas je mo\u017en\u00e9 kedyko\u013evek odvola\u0165. Ak s\u00fahlas nebol z\u00edskan\u00fd, slu\u017eba sa pou\u017e\u00edva na z\u00e1klade n\u00e1\u0161ho opr\u00e1vnen\u00e9ho z\u00e1ujmu na \u010do naj\u0161ir\u0161om zvidite\u013enen\u00ed v soci\u00e1lnych m\u00e9di\u00e1ch.<\/p>\n\n\n\n<p class=\"wp-block-paragraph\">Prenos \u00fadajov do USA sa uskuto\u010d\u0148uje na z\u00e1klade \u0161tandardn\u00fdch zmluvn\u00fdch dolo\u017eiek Komisie E\u00da. Podrobnosti n\u00e1jdete tu:<br><a href=\"https:\/\/gdpr.twitter.com\/en\/controller-to-controller-transfers.html\" target=\"_blank\" rel=\"noreferrer noopener\">https:\/\/gdpr.twitter.com\/en\/controller-to-controller-transfers.html<\/a>.<\/p>\n\n\n\n<p class=\"wp-block-paragraph\">Nastavenia ochrany \u00fadajov na Twitteri m\u00f4\u017eete zmeni\u0165 v nastaveniach konta v \u010dasti <a href=\"https:\/\/twitter.com\/account\/settings\" target=\"_blank\" rel=\"noreferrer noopener\">https:\/\/twitter.com\/account\/settings<\/a> zmena.<\/p>\n\n\n\n<p class=\"wp-block-paragraph\"><strong>Instagram<\/strong><\/p>\n\n\n\n<p class=\"wp-block-paragraph\">Funkcie slu\u017eby Instagram s\u00fa integrovan\u00e9 na tejto webovej str\u00e1nke. Tieto funkcie pon\u00faka <\/p>\n\n\n\n<p class=\"has-text-align-center wp-block-paragraph\">Meta Platforms Ireland Limited<br>N\u00e1mestie Grand Canal 4<br>Pr\u00edstav Grand Canal<br>Dublin 2<br>\u00cdrsko.<\/p>\n\n\n\n<p class=\"wp-block-paragraph\">Ke\u010f je prvok soci\u00e1lnych m\u00e9di\u00ed akt\u00edvny, vytvor\u00ed sa priame spojenie medzi va\u0161\u00edm zariaden\u00edm a serverom Instagram. Instagram tak z\u00edskava inform\u00e1cie o va\u0161ej n\u00e1v\u0161teve tejto webovej str\u00e1nky.<\/p>\n\n\n\n<p class=\"wp-block-paragraph\">Ak ste prihl\u00e1sen\u00ed do svojho konta na Instagrame, m\u00f4\u017eete obsah tejto webovej str\u00e1nky prepoji\u0165 so svoj\u00edm profilom na Instagrame kliknut\u00edm na tla\u010didlo Instagram. To umo\u017en\u00ed spolo\u010dnosti Instagram priradi\u0165 va\u0161u n\u00e1v\u0161tevu tejto webovej lokality k v\u00e1\u0161mu pou\u017e\u00edvate\u013esk\u00e9mu kontu. Radi by sme upozornili, \u017ee ako poskytovate\u013e str\u00e1nok nem\u00e1me vedomos\u0165 o obsahu pren\u00e1\u0161an\u00fdch \u00fadajov ani o ich pou\u017eit\u00ed spolo\u010dnos\u0165ou Instagram.<\/p>\n\n\n\n<p class=\"wp-block-paragraph\">Ak bol z\u00edskan\u00fd s\u00fahlas, uveden\u00e1 slu\u017eba sa pou\u017e\u00edva na z\u00e1klade \u010dl. 6 ods. 1 p\u00edsm. a GDPR a \u00a7 25 TTDSG. S\u00fahlas je mo\u017en\u00e9 kedyko\u013evek odvola\u0165. Ak s\u00fahlas nebol z\u00edskan\u00fd, slu\u017eba sa pou\u017e\u00edva na z\u00e1klade n\u00e1\u0161ho opr\u00e1vnen\u00e9ho z\u00e1ujmu na \u010do naj\u0161ir\u0161om zvidite\u013enen\u00ed v soci\u00e1lnych m\u00e9di\u00e1ch.<\/p>\n\n\n\n<p class=\"wp-block-paragraph\">Pokia\u013e s\u00fa osobn\u00e9 \u00fadaje zhroma\u017e\u010fovan\u00e9 na na\u0161ej webovej str\u00e1nke pomocou tu op\u00edsan\u00e9ho n\u00e1stroja a odosielan\u00e9 na Facebook alebo Instagram, sme my a spolo\u010dnos\u0165 Meta Platforms Ireland Limited, 4 Grand Canal Square, Grand Canal Harbour, Dublin 2, \u00cdrsko, spolo\u010dne zodpovedn\u00ed za toto spracovanie \u00fadajov (\u010dl\u00e1nok 26 GDPR). Spolo\u010dn\u00e1 zodpovednos\u0165 sa obmedzuje v\u00fdlu\u010dne na zber \u00fadajov a ich prenos na Facebook alebo Instagram. Spracovanie \u00fadajov vykon\u00e1van\u00e9 spolo\u010dnos\u0165ou Facebook alebo Instagram po ich post\u00fapen\u00ed nie je s\u00fa\u010das\u0165ou spolo\u010dnej zodpovednosti. Spolo\u010dn\u00e9 povinnosti, ktor\u00e9 n\u00e1m prin\u00e1le\u017eia, boli stanoven\u00e9 v dohode o spolo\u010dnom sprac\u00favan\u00ed. Znenie dohody n\u00e1jdete na adrese <a href=\"https:\/\/www.facebook.com\/legal\/controller_addendum\" target=\"_blank\" rel=\"noreferrer noopener\">https:\/\/www.facebook.com\/legal\/controller_addendum<\/a>. Pod\u013ea tejto dohody sme zodpovedn\u00ed za poskytovanie inform\u00e1ci\u00ed o ochrane \u00fadajov pri pou\u017e\u00edvan\u00ed n\u00e1stroja Facebook alebo Instagram a za bezpe\u010dn\u00fa implement\u00e1ciu n\u00e1stroja na na\u0161ej webovej str\u00e1nke v s\u00falade so z\u00e1konom o ochrane \u00fadajov. Spolo\u010dnos\u0165 Facebook je zodpovedn\u00e1 za bezpe\u010dnos\u0165 \u00fadajov v produktoch Facebook a Instagram. Pr\u00e1va dotknut\u00fdch os\u00f4b<\/p>\n\n\n\n<p class=\"wp-block-paragraph\">(napr. \u017eiadosti o inform\u00e1cie) t\u00fdkaj\u00face sa \u00fadajov sprac\u00favan\u00fdch spolo\u010dnos\u0165ou Facebook alebo Instagram mo\u017eno uplatni\u0165 priamo u spolo\u010dnosti Facebook. Ak uplatn\u00edte svoje pr\u00e1va dotknutej osoby u n\u00e1s, sme povinn\u00ed ich post\u00fapi\u0165 spolo\u010dnosti Facebook.<\/p>\n\n\n\n<p class=\"wp-block-paragraph\">Prenos \u00fadajov do USA sa uskuto\u010d\u0148uje na z\u00e1klade \u0161tandardn\u00fdch zmluvn\u00fdch dolo\u017eiek Komisie E\u00da. Podrobnosti n\u00e1jdete tu:<br><a href=\"https:\/\/www.facebook.com\/legal\/EU_data_transfer_addendum\" target=\"_blank\" rel=\"noreferrer noopener\">https:\/\/www.facebook.com\/legal\/EU_data_transfer_addendum<\/a>, <a href=\"https:\/\/help.instagram.com\/519522125107875\" target=\"_blank\" rel=\"noreferrer noopener\">https:\/\/help.instagram.com\/519522125107875<\/a> a<br><a href=\"https:\/\/de-de.facebook.com\/help\/566994660333381\" target=\"_blank\" rel=\"noreferrer noopener\">https:\/\/de-de.facebook.com\/help\/566994660333381<\/a>.<\/p>\n\n\n\n<p class=\"wp-block-paragraph\">\u010eal\u0161ie inform\u00e1cie o tom n\u00e1jdete v z\u00e1sad\u00e1ch ochrany osobn\u00fdch \u00fadajov spolo\u010dnosti Instagram: <a href=\"https:\/\/instagram.com\/about\/legal\/privacy\/\" target=\"_blank\" rel=\"noreferrer noopener\">https:\/\/instagram.com\/about\/legal\/privacy\/<\/a>.<\/p>\n\n\n\n<p class=\"wp-block-paragraph\"><strong>Tumblr<\/strong><\/p>\n\n\n\n<p class=\"wp-block-paragraph\">T\u00e1to webov\u00e1 lokalita pou\u017e\u00edva tla\u010didl\u00e1 a \u010fal\u0161ie prvky slu\u017eby Tumblr. Poskytovate\u013eom je<\/p>\n\n\n\n<p class=\"has-text-align-center wp-block-paragraph\">Tumblr Inc.<br>35 East 21st St<br>10. poschodie<br>New York<br>NY 10010<br>USA<\/p>\n\n\n\n<p class=\"wp-block-paragraph\">Ke\u010f je prvok soci\u00e1lnych m\u00e9di\u00ed akt\u00edvny, vytvor\u00ed sa priame spojenie medzi va\u0161\u00edm zariaden\u00edm a serverom Tumblr. Tumblr tak z\u00edskava inform\u00e1cie o va\u0161ej n\u00e1v\u0161teve tejto webovej lokality.<\/p>\n\n\n\n<p class=\"wp-block-paragraph\">Tla\u010didl\u00e1 Tumblr umo\u017e\u0148uj\u00fa zdie\u013ea\u0165 pr\u00edspevok alebo str\u00e1nku na Tumblr alebo sledova\u0165 poskytovate\u013ea na Tumblr. Ke\u010f nav\u0161t\u00edvite jednu z na\u0161ich webov\u00fdch str\u00e1nok s tla\u010didlom Tumblr, prehliada\u010d vytvor\u00ed priame spojenie so servermi Tumblr. Nem\u00e1me \u017eiadny vplyv na rozsah \u00fadajov, ktor\u00e9 spolo\u010dnos\u0165 Tumblr zhroma\u017e\u010fuje a pren\u00e1\u0161a pomocou tohto doplnku. Pod\u013ea aktu\u00e1lneho stavu sa pren\u00e1\u0161a IP adresa pou\u017e\u00edvate\u013ea a adresa URL pr\u00edslu\u0161nej webovej lokality.<\/p>\n\n\n\n<p class=\"wp-block-paragraph\">Ak bol z\u00edskan\u00fd s\u00fahlas, uveden\u00e1 slu\u017eba sa pou\u017e\u00edva na z\u00e1klade \u010dl. 6 ods. 1 p\u00edsm. a GDPR a \u00a7 25 TTDSG. S\u00fahlas je mo\u017en\u00e9 kedyko\u013evek odvola\u0165. Ak s\u00fahlas nebol z\u00edskan\u00fd, slu\u017eba sa pou\u017e\u00edva na z\u00e1klade n\u00e1\u0161ho opr\u00e1vnen\u00e9ho z\u00e1ujmu na \u010do naj\u0161ir\u0161om zvidite\u013enen\u00ed v soci\u00e1lnych m\u00e9di\u00e1ch.<\/p>\n\n\n\n<p class=\"wp-block-paragraph\">\u010eal\u0161ie inform\u00e1cie o tom n\u00e1jdete v z\u00e1sad\u00e1ch ochrany osobn\u00fdch \u00fadajov spolo\u010dnosti Tumblr na adrese: <a href=\"https:\/\/www.tumblr.com\/privacy\/de\" target=\"_blank\" rel=\"noreferrer noopener\">https:\/\/www.tumblr.com\/privacy\/de<\/a>.<\/p>\n\n\n\n<p class=\"wp-block-paragraph\"><strong>Pinterest<\/strong><\/p>\n\n\n\n<p class=\"wp-block-paragraph\">Na tejto webovej lokalite pou\u017e\u00edvame prvky soci\u00e1lnej siete Pinterest, ktor\u00fa prev\u00e1dzkuje spolo\u010dnos\u0165 <\/p>\n\n\n\n<p class=\"has-text-align-center wp-block-paragraph\">Pinterest Europe Ltd.<br>Palmerston House<br>2. poschodie, Fenian Street<br>Dublin 2<br>\u00cdrsko<\/p>\n\n\n\n<p class=\"wp-block-paragraph\">je v prev\u00e1dzke.<\/p>\n\n\n\n<p class=\"wp-block-paragraph\">Ke\u010f pristupujete na str\u00e1nku, ktor\u00e1 obsahuje tak\u00fdto prvok, v\u00e1\u0161 prehliada\u010d vytvor\u00ed priame spojenie so servermi Pinterest. Tento prvok soci\u00e1lnej siete pren\u00e1\u0161a \u00fadaje denn\u00edka na server Pinterest v USA. Tieto protokolov\u00e9 \u00fadaje m\u00f4\u017eu obsahova\u0165 va\u0161u IP adresu, adresu nav\u0161t\u00edven\u00fdch webov\u00fdch str\u00e1nok, ktor\u00e9 obsahuj\u00fa aj funkcie Pinterest, typ a nastavenia prehliada\u010da, d\u00e1tum a \u010das po\u017eiadavky, va\u0161e pou\u017e\u00edvanie Pinterest a s\u00fabory cookie.<\/p>\n\n\n\n<p class=\"wp-block-paragraph\">Ak bol z\u00edskan\u00fd s\u00fahlas, uveden\u00e1 slu\u017eba sa pou\u017e\u00edva na z\u00e1klade \u010dl. 6 ods. 1 p\u00edsm. a GDPR a \u00a7 25 TTDSG. S\u00fahlas je mo\u017en\u00e9 kedyko\u013evek odvola\u0165. Ak s\u00fahlas nebol z\u00edskan\u00fd, slu\u017eba sa pou\u017e\u00edva na z\u00e1klade n\u00e1\u0161ho opr\u00e1vnen\u00e9ho z\u00e1ujmu na \u010do naj\u0161ir\u0161om zvidite\u013enen\u00ed v soci\u00e1lnych m\u00e9di\u00e1ch.<\/p>\n\n\n\n<p class=\"wp-block-paragraph\">\u010eal\u0161ie inform\u00e1cie o \u00fa\u010dele, rozsahu a \u010fal\u0161om spracovan\u00ed a pou\u017e\u00edvan\u00ed \u00fadajov spolo\u010dnos\u0165ou Pinterest, ako aj o va\u0161ich pr\u00e1vach a mo\u017enostiach ochrany v\u00e1\u0161ho s\u00fakromia v tejto s\u00favislosti n\u00e1jdete v z\u00e1sad\u00e1ch ochrany osobn\u00fdch \u00fadajov spolo\u010dnosti Pinterest:<br><a href=\"https:\/\/policy.pinterest.com\/de\/privacy-policy\" target=\"_blank\" rel=\"noreferrer noopener\">https:\/\/policy.pinterest.com\/de\/privacy-policy<\/a>.<\/p>\n\n\n\n<p class=\"wp-block-paragraph\"><strong>6. bulletin <\/strong><strong>\u00dadaje z bulletinu<\/strong><\/p>\n\n\n\n<p class=\"wp-block-paragraph\">Ak chcete dost\u00e1va\u0165 newsletter pon\u00fakan\u00fd na webovej lokalite, po\u017eadujeme od v\u00e1s e-mailov\u00fa adresu, ako aj inform\u00e1cie, ktor\u00e9 n\u00e1m umo\u017enia overi\u0165, \u017ee ste vlastn\u00edkom poskytnutej e-mailovej adresy a \u017ee s\u00fahlas\u00edte so zasielan\u00edm newslettera. \u017diadne \u010fal\u0161ie \u00fadaje sa nezhroma\u017e\u010fuj\u00fa alebo len na dobrovo\u013enej b\u00e1ze. Tieto \u00fadaje pou\u017e\u00edvame v\u00fdlu\u010dne na zasielanie po\u017eadovan\u00fdch inform\u00e1ci\u00ed a neposkytujeme ich tret\u00edm stran\u00e1m.<\/p>\n\n\n\n<p class=\"wp-block-paragraph\">\u00dadaje zadan\u00e9 v registra\u010dnom formul\u00e1ri na odber noviniek sa sprac\u00favaj\u00fa v\u00fdlu\u010dne na z\u00e1klade v\u00e1\u0161ho s\u00fahlasu (\u010dl. 6 ods. 1 p\u00edsm. a GDPR). S\u00fahlas s uchov\u00e1van\u00edm \u00fadajov, e-mailovej adresy a jej pou\u017e\u00edvan\u00edm na zasielanie newslettera m\u00f4\u017eete kedyko\u013evek odvola\u0165, napr\u00edklad prostredn\u00edctvom odkazu \"Odhl\u00e1si\u0165 sa z odberu\" v newsletteri. Odvolanie nem\u00e1 vplyv na z\u00e1konnos\u0165 u\u017e uskuto\u010dnen\u00fdch oper\u00e1ci\u00ed spracovania \u00fadajov.<\/p>\n\n\n\n<p class=\"wp-block-paragraph\">\u00dadaje, ktor\u00e9 n\u00e1m poskytnete na \u00fa\u010dely prihl\u00e1senia sa na odber informa\u010dn\u00e9ho bulletinu, budeme uchov\u00e1va\u0165 my alebo poskytovate\u013e slu\u017eieb zasielania informa\u010dn\u00e9ho bulletinu, k\u00fdm sa neodhl\u00e1site z odberu informa\u010dn\u00e9ho bulletinu, a vyma\u017eeme ich z distribu\u010dn\u00e9ho zoznamu informa\u010dn\u00e9ho bulletinu po odhl\u00e1sen\u00ed sa z odberu informa\u010dn\u00e9ho bulletinu alebo po tom, ako \u00fa\u010del prestane plati\u0165. Vyhradzujeme si pr\u00e1vo vymaza\u0165 alebo zablokova\u0165 e-mailov\u00e9 adresy z n\u00e1\u0161ho distribu\u010dn\u00e9ho zoznamu newslettera pod\u013ea vlastn\u00e9ho uv\u00e1\u017eenia v r\u00e1mci n\u00e1\u0161ho opr\u00e1vnen\u00e9ho z\u00e1ujmu v s\u00falade s \u010dl. 6 ods. 1 p\u00edsm. f GDPR.<\/p>\n\n\n\n<p class=\"wp-block-paragraph\">\u00dadaje, ktor\u00e9 uklad\u00e1me na in\u00e9 \u00fa\u010dely, t\u00fdm nie s\u00fa dotknut\u00e9.<br>Po odhl\u00e1sen\u00ed sa z distribu\u010dn\u00e9ho zoznamu informa\u010dn\u00fdch bulletinov m\u00f4\u017eeme va\u0161u e-mailov\u00fa adresu ulo\u017ei\u0165 na \u010diernu listinu, ak je to potrebn\u00e9 na zabr\u00e1nenie bud\u00faceho zasielania. \u00dadaje z \u010diernej listiny sa pou\u017eij\u00fa len na tento \u00fa\u010del a nebud\u00fa sa sp\u00e1ja\u0165 s in\u00fdmi \u00fadajmi. Sl\u00fa\u017ei to v\u00e1\u0161mu z\u00e1ujmu a n\u00e1\u0161mu z\u00e1ujmu na dodr\u017eanie z\u00e1konn\u00fdch po\u017eiadaviek pri zasielan\u00ed newsletterov (opr\u00e1vnen\u00fd z\u00e1ujem v zmysle \u010dl. 6 ods. 1 p\u00edsm. f GDPR). Ulo\u017eenie na \u010diernej listine nie je \u010dasovo obmedzen\u00e9. <strong>Proti ukladaniu m\u00f4\u017eete namieta\u0165, ak va\u0161e z\u00e1ujmy preva\u017euj\u00fa nad na\u0161\u00edm opr\u00e1vnen\u00fdm z\u00e1ujmom.<\/strong><\/p>\n\n\n\n<p class=\"wp-block-paragraph\"><strong>7. z\u00e1suvn\u00e9 moduly a n\u00e1stroje<br><\/strong><strong>YouTube s roz\u0161\u00edrenou ochranou \u00fadajov<\/strong><\/p>\n\n\n\n<p class=\"wp-block-paragraph\">Na tejto webovej str\u00e1nke s\u00fa vlo\u017een\u00e9 vide\u00e1 z webovej str\u00e1nky YouTube. Prev\u00e1dzkovate\u013eom str\u00e1nok je <\/p>\n\n\n\n<p class=\"has-text-align-center wp-block-paragraph\">Google Ireland Limited (\"Google\")<br>Gordon House<br>Barrow Street<br>Dublin 4<br>\u00cdrsko<\/p>\n\n\n\n<p class=\"wp-block-paragraph\">Slu\u017ebu YouTube pou\u017e\u00edvame v re\u017eime roz\u0161\u00edrenej ochrany \u00fadajov. Pod\u013ea YouTube tento re\u017eim znamen\u00e1, \u017ee YouTube neuklad\u00e1 \u017eiadne inform\u00e1cie o n\u00e1v\u0161tevn\u00edkoch tejto webovej str\u00e1nky pred t\u00fdm, ako si pozr\u00fa video. Prenos \u00fadajov partnerom YouTube v\u0161ak nie je nevyhnutne vyl\u00fa\u010den\u00fd re\u017eimom roz\u0161\u00edrenej ochrany \u00fadajov. YouTube napr\u00edklad nadvia\u017ee spojenie so sie\u0165ou Google DoubleClick bez oh\u013eadu na to, \u010di si pozriete video.<\/p>\n\n\n\n<p class=\"wp-block-paragraph\">Hne\u010f ako spust\u00edte video YouTube na tejto webovej lokalite, vytvor\u00ed sa spojenie so servermi YouTube. To informuje server YouTube o tom, ktor\u00e9 z na\u0161ich str\u00e1nok ste nav\u0161t\u00edvili. Ak ste prihl\u00e1sen\u00ed do svojho \u00fa\u010dtu YouTube, umo\u017e\u0148ujete YouTube priradi\u0165 va\u0161e spr\u00e1vanie pri surfovan\u00ed priamo k v\u00e1\u0161mu osobn\u00e9mu profilu. Tomu m\u00f4\u017eete zabr\u00e1ni\u0165 odhl\u00e1sen\u00edm sa z \u00fa\u010dtu YouTube.<\/p>\n\n\n\n<p class=\"wp-block-paragraph\">Okrem toho m\u00f4\u017ee YouTube po spusten\u00ed videa uklada\u0165 do v\u00e1\u0161ho koncov\u00e9ho zariadenia r\u00f4zne s\u00fabory cookie alebo pou\u017e\u00edva\u0165 porovnate\u013en\u00e9 technol\u00f3gie rozpozn\u00e1vania (napr. odtla\u010dky prstov zariadenia). T\u00fdmto sp\u00f4sobom m\u00f4\u017ee YouTube z\u00edskava\u0165 inform\u00e1cie o n\u00e1v\u0161tevn\u00edkoch tejto webovej str\u00e1nky. Tieto inform\u00e1cie sa okrem in\u00e9ho pou\u017e\u00edvaj\u00fa na zaznamen\u00e1vanie \u0161tatist\u00edk vide\u00ed, zlep\u0161ovanie pou\u017e\u00edvate\u013eskej pr\u00edvetivosti a predch\u00e1dzanie pokusom o podvody.<\/p>\n\n\n\n<p class=\"wp-block-paragraph\">Po spusten\u00ed videa YouTube sa m\u00f4\u017eu spusti\u0165 \u010fal\u0161ie oper\u00e1cie spracovania \u00fadajov, na ktor\u00e9 nem\u00e1me vplyv.<\/p>\n\n\n\n<p class=\"wp-block-paragraph\">Pou\u017e\u00edvanie slu\u017eby YouTube je v z\u00e1ujme atrakt\u00edvnej prezent\u00e1cie na\u0161ich online pon\u00fak. To predstavuje opr\u00e1vnen\u00fd z\u00e1ujem v zmysle \u010dl. 6 ods. 1 p\u00edsm. f GDPR. Ak bol vy\u017eiadan\u00fd zodpovedaj\u00faci s\u00fahlas, sprac\u00favanie sa vykon\u00e1va v\u00fdlu\u010dne na z\u00e1klade \u010dl. 6 ods. 1 p\u00edsm. a GDPR a \u00a7 25 ods. 1 TTDSG, pokia\u013e s\u00fahlas zah\u0155\u0148a ukladanie s\u00faborov cookie alebo pr\u00edstup k inform\u00e1ci\u00e1m v koncovom zariaden\u00ed pou\u017e\u00edvate\u013ea (napr. odtla\u010dok zariadenia) v zmysle TTDSG. S\u00fahlas je mo\u017en\u00e9 kedyko\u013evek odvola\u0165.<\/p>\n\n\n\n<p class=\"wp-block-paragraph\">\u010eal\u0161ie inform\u00e1cie o ochrane \u00fadajov v slu\u017ebe YouTube n\u00e1jdete v jej z\u00e1sad\u00e1ch ochrany osobn\u00fdch \u00fadajov na adrese: <a href=\"https:\/\/policies.google.com\/privacy?hl=de\" target=\"_blank\" rel=\"noreferrer noopener\">https:\/\/policies.google.com\/privacy?hl=de<\/a>.<\/p>\n\n\n\n<p class=\"wp-block-paragraph\"><strong>Vimeo<\/strong><\/p>\n\n\n\n<p class=\"wp-block-paragraph\">T\u00e1to webov\u00e1 lokalita pou\u017e\u00edva z\u00e1suvn\u00e9 moduly z videoport\u00e1lu Vimeo. Poskytovate\u013eom je spolo\u010dnos\u0165 Vimeo Inc, 555 West 18th Street, New York, New York 10011, USA.<\/p>\n\n\n\n<p class=\"wp-block-paragraph\">Ke\u010f nav\u0161t\u00edvite jednu z na\u0161ich str\u00e1nok s videom Vimeo, vytvor\u00ed sa spojenie so servermi Vimeo. T\u00fdm sa server Vimeo dozvie, ktor\u00fa z na\u0161ich str\u00e1nok ste nav\u0161t\u00edvili. Vimeo tie\u017e z\u00edska va\u0161u IP adresu. To plat\u00ed aj v pr\u00edpade, \u017ee nie ste prihl\u00e1sen\u00ed do slu\u017eby Vimeo alebo nem\u00e1te \u00fa\u010det Vimeo. Inform\u00e1cie zhroma\u017eden\u00e9 spolo\u010dnos\u0165ou Vimeo sa pren\u00e1\u0161aj\u00fa na server Vimeo v USA.<\/p>\n\n\n\n<p class=\"wp-block-paragraph\">Ak ste prihl\u00e1sen\u00ed do svojho konta Vimeo, umo\u017e\u0148ujete Vimeu priradi\u0165 va\u0161e spr\u00e1vanie pri surfovan\u00ed priamo k v\u00e1\u0161mu osobn\u00e9mu profilu. M\u00f4\u017eete tomu zabr\u00e1ni\u0165 odhl\u00e1sen\u00edm sa z konta Vimeo.<\/p>\n\n\n\n<p class=\"wp-block-paragraph\">Vimeo pou\u017e\u00edva s\u00fabory cookie alebo porovnate\u013en\u00e9 technol\u00f3gie rozpozn\u00e1vania (napr. odtla\u010dky prstov zariaden\u00ed) na rozpozn\u00e1vanie n\u00e1v\u0161tevn\u00edkov webov\u00fdch str\u00e1nok.<\/p>\n\n\n\n<p class=\"wp-block-paragraph\">Pou\u017e\u00edvanie slu\u017eby Vimeo je v z\u00e1ujme atrakt\u00edvnej prezent\u00e1cie na\u0161ich online pon\u00fak. To predstavuje opr\u00e1vnen\u00fd z\u00e1ujem v zmysle \u010dl. 6 ods. 1 p\u00edsm. f GDPR. Ak bol vy\u017eiadan\u00fd pr\u00edslu\u0161n\u00fd s\u00fahlas, sprac\u00favanie sa vykon\u00e1va v\u00fdlu\u010dne na z\u00e1klade \u010dl. 6 ods. 1 p\u00edsm. a GDPR a \u00a7 25 ods. 1 TTDSG, pokia\u013e s\u00fahlas zah\u0155\u0148a ukladanie s\u00faborov cookie alebo pr\u00edstup k inform\u00e1ci\u00e1m v koncovom zariaden\u00ed pou\u017e\u00edvate\u013ea (napr. odtla\u010dok zariadenia) v zmysle TTDSG. S\u00fahlas je mo\u017en\u00e9 kedyko\u013evek odvola\u0165.<\/p>\n\n\n\n<p class=\"wp-block-paragraph\">Prenos \u00fadajov do USA je zalo\u017een\u00fd na \u0161tandardn\u00fdch zmluvn\u00fdch dolo\u017ek\u00e1ch Komisie E\u00da a pod\u013ea spolo\u010dnosti Vimeo na \"opr\u00e1vnen\u00fdch obchodn\u00fdch z\u00e1ujmoch\". Podrobnosti n\u00e1jdete tu: <a href=\"https:\/\/vimeo.com\/privacy\" target=\"_blank\" rel=\"noreferrer noopener\">https:\/\/vimeo.com\/privacy<\/a>.<\/p>\n\n\n\n<p class=\"wp-block-paragraph\">\u010eal\u0161ie inform\u00e1cie o spracovan\u00ed \u00fadajov pou\u017e\u00edvate\u013eov n\u00e1jdete v z\u00e1sad\u00e1ch ochrany osobn\u00fdch \u00fadajov spolo\u010dnosti Vimeo na adrese:<br><a href=\"https:\/\/vimeo.com\/privacy\" target=\"_blank\" rel=\"noreferrer noopener\">https:\/\/vimeo.com\/privacy<\/a>.<\/p>\n\n\n\n<p class=\"wp-block-paragraph\"><strong>Fonty Google<\/strong><\/p>\n\n\n\n<p class=\"wp-block-paragraph\">T\u00e1to str\u00e1nka pou\u017e\u00edva na \u0161tandardizovan\u00e9 zobrazovanie p\u00edsiem takzvan\u00e9 p\u00edsma Google, ktor\u00e9 poskytuje spolo\u010dnos\u0165 Google. Ke\u010f vst\u00fapite na str\u00e1nku, v\u00e1\u0161 prehliada\u010d na\u010d\u00edta po\u017eadovan\u00e9 p\u00edsma do vyrovn\u00e1vacej pam\u00e4te prehliada\u010da, aby sa texty a p\u00edsma zobrazovali spr\u00e1vne.<\/p>\n\n\n\n<p class=\"wp-block-paragraph\">Na tento \u00fa\u010del sa mus\u00ed prehliada\u010d, ktor\u00fd pou\u017e\u00edvate, pripoji\u0165 k serverom spolo\u010dnosti Google. T\u00fdm sa spolo\u010dnos\u0165 Google informuje o tom, \u017ee t\u00e1to webov\u00e1 lokalita bola nav\u0161t\u00edven\u00e1 prostredn\u00edctvom va\u0161ej IP adresy. Pou\u017e\u00edvanie fontov Google sa zaklad\u00e1 na \u010dl. 6 ods. 1 p\u00edsm. f GDPR. Prev\u00e1dzkovate\u013e webovej str\u00e1nky m\u00e1 opr\u00e1vnen\u00fd z\u00e1ujem na jednotnej prezent\u00e1cii p\u00edsma na svojej webovej str\u00e1nke. Ak bol vy\u017eiadan\u00fd pr\u00edslu\u0161n\u00fd s\u00fahlas, sprac\u00favanie sa vykon\u00e1va v\u00fdlu\u010dne na z\u00e1klade \u010dl. 6 ods. 1 p\u00edsm. a GDPR a \u00a7 25 ods. 1 TTDSG, pokia\u013e s\u00fahlas zah\u0155\u0148a ukladanie s\u00faborov cookie alebo pr\u00edstup k inform\u00e1ci\u00e1m v koncovom zariaden\u00ed pou\u017e\u00edvate\u013ea (napr. odtla\u010dok zariadenia) v zmysle TTDSG. S\u00fahlas je mo\u017en\u00e9 kedyko\u013evek odvola\u0165.<\/p>\n\n\n\n<p class=\"wp-block-paragraph\">Ak v\u00e1\u0161 prehliada\u010d nepodporuje p\u00edsma Google, v\u00e1\u0161 po\u010d\u00edta\u010d pou\u017eije \u0161tandardn\u00e9 p\u00edsmo.<\/p>\n\n\n\n<p class=\"wp-block-paragraph\">\u010eal\u0161ie inform\u00e1cie o p\u00edsmach Google n\u00e1jdete na adrese https:\/\/developers.google.com\/fonts\/faq a v z\u00e1sad\u00e1ch ochrany osobn\u00fdch \u00fadajov spolo\u010dnosti Google: https:\/\/policies.google.com\/privacy?hl=de.<\/p>\n\n\n\n<p class=\"wp-block-paragraph\"><strong>\u00da\u017easn\u00e9 p\u00edsmo<\/strong><\/p>\n\n\n\n<p class=\"wp-block-paragraph\">T\u00e1to str\u00e1nka pou\u017e\u00edva na \u0161tandardizovan\u00e9 zobrazenie p\u00edsiem a symbolov aplik\u00e1ciu Font Awesome. Poskytovate\u013eom je<\/p>\n\n\n\n<p class=\"has-text-align-center wp-block-paragraph\">Fonticons Inc.<br>6 Porter Road<br>Byt 3R<br>Cambridge<br>Massachusetts<br>USA<\/p>\n\n\n\n<p class=\"wp-block-paragraph\">Ke\u010f vyvol\u00e1te str\u00e1nku, prehliada\u010d na\u010d\u00edta potrebn\u00e9 p\u00edsma do vyrovn\u00e1vacej pam\u00e4te prehliada\u010da, aby sa texty, p\u00edsma a symboly zobrazovali spr\u00e1vne. Na tento \u00fa\u010del sa mus\u00ed pou\u017e\u00edvan\u00fd prehliada\u010d pripoji\u0165 k serverom Font Awesome. V d\u00f4sledku toho sa spolo\u010dnos\u0165 Font Awesome dozvie, \u017ee na t\u00fato webov\u00fa lokalitu sa pristupovalo prostredn\u00edctvom va\u0161ej IP adresy. Pou\u017e\u00edvanie aplik\u00e1cie Font Awesome sa zaklad\u00e1 na \u010dl\u00e1nku 6 ods. 1 p\u00edsm. f GDPR. M\u00e1me opr\u00e1vnen\u00fd z\u00e1ujem na jednotnej prezent\u00e1cii p\u00edsma na na\u0161ej webovej lokalite. Ak bol vy\u017eiadan\u00fd pr\u00edslu\u0161n\u00fd s\u00fahlas, spracovanie sa vykon\u00e1va v\u00fdlu\u010dne na z\u00e1klade \u010dl. 6 ods. 1 p\u00edsm. a GDPR a \u00a7 25 ods. 1 TTDSG, pokia\u013e s\u00fahlas zah\u0155\u0148a ukladanie s\u00faborov cookie alebo pr\u00edstup k inform\u00e1ci\u00e1m v koncovom zariaden\u00ed pou\u017e\u00edvate\u013ea (napr. odtla\u010dok zariadenia) v zmysle TTDSG. S\u00fahlas je mo\u017en\u00e9 kedyko\u013evek odvola\u0165.<\/p>\n\n\n\n<p class=\"wp-block-paragraph\">Ak v\u00e1\u0161 prehliada\u010d nepodporuje funkciu Font Awesome, po\u010d\u00edta\u010d pou\u017eije \u0161tandardn\u00e9 p\u00edsmo.<\/p>\n\n\n\n<p class=\"wp-block-paragraph\">\u010eal\u0161ie inform\u00e1cie o slu\u017ebe Font Awesome n\u00e1jdete v z\u00e1sad\u00e1ch ochrany osobn\u00fdch \u00fadajov spolo\u010dnosti Font Awesome na adrese:<br><a href=\"https:\/\/fontawesome.com\/privacy\" target=\"_blank\" rel=\"noreferrer noopener\">https:\/\/fontawesome.com\/privacy<\/a>.<\/p>\n\n\n\n<p class=\"wp-block-paragraph\"><strong>MyFonts<\/strong><\/p>\n\n\n\n<p class=\"wp-block-paragraph\">T\u00e1to str\u00e1nka pou\u017e\u00edva MyFonts. Ide o p\u00edsma, ktor\u00e9 sa na\u010d\u00edtaj\u00fa do v\u00e1\u0161ho prehliada\u010da pri n\u00e1v\u0161teve na\u0161ej webovej str\u00e1nky, aby sa zabezpe\u010dilo jednotn\u00e9 zobrazenie p\u00edsma na webovej str\u00e1nke. Poskytovate\u013eom je <\/p>\n\n\n\n<p class=\"has-text-align-center wp-block-paragraph\">Monotype Imaging Holdings Inc.<br>600 Unicorn Park Drive<br>Woburn<br>Massachusetts 01801<br>USA<\/p>\n\n\n\n<p class=\"wp-block-paragraph\">Na \u00fa\u010dely kontroly dodr\u017eiavania licen\u010dn\u00fdch podmienok a po\u010dtu mesa\u010dn\u00fdch zobrazen\u00ed str\u00e1nok spolo\u010dnos\u0165 MyFonts pren\u00e1\u0161a va\u0161u IP adresu spolu s adresou URL na\u0161ej webovej str\u00e1nky a na\u0161imi zmluvn\u00fdmi \u00fadajmi na svoje servery v USA. Pod\u013ea spolo\u010dnosti Monotype sa va\u0161a IP adresa bezprostredne po prenose anonymizuje, aby nebolo mo\u017en\u00e9 uvies\u0165 \u017eiadnu osobn\u00fa referenciu (anonymiz\u00e1cia).<\/p>\n\n\n\n<p class=\"wp-block-paragraph\">Podrobnosti n\u00e1jdete v z\u00e1sad\u00e1ch ochrany osobn\u00fdch \u00fadajov spolo\u010dnosti Monotype na adrese<\/p>\n\n\n\n<p class=\"wp-block-paragraph\"><a href=\"https:\/\/www.monotype.com\/de\/rechtshinweise\/datenschutzrichtlinie\/datenschutzrichtlinie-zum-tracking- z-webscripts\" target=\"_blank\" rel=\"noreferrer noopener\">https:\/\/www.monotype.com\/de\/rechtshinweise\/datenschutzrichtlinie\/datenschutzrichtlinie-zum-tracking- z-webscripts<\/a>.<\/p>\n\n\n\n<p class=\"wp-block-paragraph\"><strong>Mapy Google<\/strong><\/p>\n\n\n\n<p class=\"wp-block-paragraph\">T\u00e1to str\u00e1nka pou\u017e\u00edva mapov\u00fa slu\u017ebu Mapy Google. Poskytovate\u013eom je<\/p>\n\n\n\n<p class=\"has-text-align-center wp-block-paragraph\">Google Ireland Limited (\"Google\")<br>Gordon House<br>Barrow Street<br>Dublin 4<br>\u00cdrsko<\/p>\n\n\n\n<p class=\"wp-block-paragraph\">Ak chcete pou\u017e\u00edva\u0165 funkcie Mapy Google, je potrebn\u00e9 ulo\u017ei\u0165 va\u0161u IP adresu. Tieto inform\u00e1cie sa zvy\u010dajne pren\u00e1\u0161aj\u00fa na server spolo\u010dnosti Google v USA a tam sa ukladaj\u00fa. Prev\u00e1dzkovate\u013e tejto str\u00e1nky nem\u00e1 na tento prenos \u00fadajov \u017eiadny vplyv. Ak je aktivovan\u00e1 funkcia Mapy Google, spolo\u010dnos\u0165 Google m\u00f4\u017ee pou\u017e\u00edva\u0165 p\u00edsma Google Fonts na \u00fa\u010dely \u0161tandardiz\u00e1cie zobrazovania p\u00edsiem. Pri vyvolan\u00ed slu\u017eby Google Maps v\u00e1\u0161 prehliada\u010d na\u010d\u00edta po\u017eadovan\u00e9 webov\u00e9 p\u00edsma do vyrovn\u00e1vacej pam\u00e4te prehliada\u010da, aby sa texty a p\u00edsma zobrazovali spr\u00e1vne.<\/p>\n\n\n\n<p class=\"wp-block-paragraph\">Mapy Google sa pou\u017e\u00edvaj\u00fa v z\u00e1ujme atrakt\u00edvnej prezent\u00e1cie na\u0161ich online pon\u00fak a u\u013eah\u010denia vyh\u013ead\u00e1vania miest, ktor\u00e9 sme uviedli na webovej str\u00e1nke. To predstavuje opr\u00e1vnen\u00fd z\u00e1ujem v zmysle \u010dl. 6 ods. 1 p\u00edsm. f GDPR. Ak bol vy\u017eiadan\u00fd zodpovedaj\u00faci s\u00fahlas, sprac\u00favanie sa vykon\u00e1va v\u00fdlu\u010dne na z\u00e1klade \u010dl. 6 ods. 1 p\u00edsm. a GDPR a \u00a7 25 ods. 1 TTDSG, pokia\u013e s\u00fahlas zah\u0155\u0148a ukladanie s\u00faborov cookie alebo pr\u00edstup k inform\u00e1ci\u00e1m v koncovom zariaden\u00ed pou\u017e\u00edvate\u013ea (napr. odtla\u010dok zariadenia) v zmysle TTDSG. S\u00fahlas je mo\u017en\u00e9 kedyko\u013evek odvola\u0165.<\/p>\n\n\n\n<p class=\"has-text-align-left wp-block-paragraph\">Prenos \u00fadajov do USA sa uskuto\u010d\u0148uje na z\u00e1klade \u0161tandardn\u00fdch zmluvn\u00fdch dolo\u017eiek Komisie E\u00da. Podrobnosti n\u00e1jdete tu:<br><a href=\"https:\/\/privacy.google.com\/businesses\/gdprcontrollerterms\/\" target=\"_blank\" rel=\"noreferrer noopener\">https:\/\/privacy.google.com\/businesses\/gdprcontrollerterms\/<\/a> a <a href=\"https:\/\/privacy.google.com\/businesses\/gdprcontrollerterms\/sccs\/\" target=\"_blank\" rel=\"noreferrer noopener\">https:\/\/privacy.google.com\/businesses\/gdprcontrollerterms\/sccs\/<\/a>.<\/p>\n\n\n\n<p class=\"wp-block-paragraph\">\u010eal\u0161ie inform\u00e1cie o spracovan\u00ed \u00fadajov pou\u017e\u00edvate\u013eov n\u00e1jdete v z\u00e1sad\u00e1ch ochrany osobn\u00fdch \u00fadajov spolo\u010dnosti Google: <a href=\"https:\/\/policies.google.com\/privacy?hl=de\" target=\"_blank\" rel=\"noreferrer noopener\">https:\/\/policies.google.com\/privacy?hl=de<\/a>.<\/p>\n\n\n\n<h2 class=\"wp-block-heading\"><span class=\"ez-toc-section\" id=\"Bildnachweis\"><\/span>Obr\u00e1zkov\u00e9 kredity<span class=\"ez-toc-section-end\"><\/span><\/h2>\n\n\n\n<p class=\"wp-block-paragraph\">Obr\u00e1zky na tejto webovej str\u00e1nke, ak nie s\u00fa na\u0161e vlastn\u00e9, boli prevzat\u00e9 na z\u00e1klade bezplatn\u00fdch licenci\u00ed z Freepik, Pexels, Pixabay, Unsplash, Wikipedia.<\/p>","protected":false},"excerpt":{"rendered":"<p><span class=\"span-reading-time rt-reading-time\" style=\"display: block;\"><span class=\"rt-label rt-prefix\">\u010cas \u010d\u00edtania<\/span> <span class=\"rt-time\"> 18<\/span> <span class=\"rt-label rt-postfix\">z\u00e1pisnice<\/span><\/span>Angaben gem\u00e4\u00df \u00a7 5 TMG und redaktionell verantwortlich: Wir sind dann mal weg &#8230; &#8211; auf der Suche nach einem Land, das Menschen noch ein Leben in gegenseitigem Respekt, Frieden, gegenseitiger Wertsch\u00e4tzung, Achtsamkeit, Freundschaft gew\u00e4hrt, in dem Unrecht verfolgt wird,Gesetze im Namen des Volkes(!) erlassen werden und in diesem Sinne Recht gesprochen wird.. E-Mail: info@csiag.de&hellip;&nbsp;<a href=\"https:\/\/csiag.eu\/sk\/impressum\/\" rel=\"bookmark\">\u010c\u00edta\u0165 viac \"<span class=\"screen-reader-text\">Odtla\u010dok<\/span><\/a><\/p>","protected":false},"author":1,"featured_media":0,"parent":0,"menu_order":0,"comment_status":"closed","ping_status":"closed","template":"","meta":{"_lmt_disableupdate":"","_lmt_disable":"","neve_meta_sidebar":"","neve_meta_container":"","neve_meta_enable_content_width":"","neve_meta_content_width":0,"neve_meta_title_alignment":"","neve_meta_author_avatar":"","neve_post_elements_order":"","neve_meta_disable_header":"","neve_meta_disable_footer":"","neve_meta_disable_title":"","footnotes":""},"class_list":["post-63","page","type-page","status-publish","hentry"],"_links":{"self":[{"href":"https:\/\/csiag.eu\/sk\/wp-json\/wp\/v2\/pages\/63","targetHints":{"allow":["GET"]}}],"collection":[{"href":"https:\/\/csiag.eu\/sk\/wp-json\/wp\/v2\/pages"}],"about":[{"href":"https:\/\/csiag.eu\/sk\/wp-json\/wp\/v2\/types\/page"}],"author":[{"embeddable":true,"href":"https:\/\/csiag.eu\/sk\/wp-json\/wp\/v2\/users\/1"}],"replies":[{"embeddable":true,"href":"https:\/\/csiag.eu\/sk\/wp-json\/wp\/v2\/comments?post=63"}],"version-history":[{"count":0,"href":"https:\/\/csiag.eu\/sk\/wp-json\/wp\/v2\/pages\/63\/revisions"}],"wp:attachment":[{"href":"https:\/\/csiag.eu\/sk\/wp-json\/wp\/v2\/media?parent=63"}],"curies":[{"name":"wp","href":"https:\/\/api.w.org\/{rel}","templated":true}]}}