{"id":58,"date":"2021-06-16T18:19:34","date_gmt":"2021-06-16T18:19:34","guid":{"rendered":"https:\/\/hosting159620.ae813.netcup.net\/wp\/?page_id=58"},"modified":"2026-03-25T10:37:51","modified_gmt":"2026-03-25T10:37:51","slug":"burada-yazan","status":"publish","type":"page","link":"https:\/\/csiag.eu\/tr\/wer-schreibt-hier\/","title":{"rendered":"Burada kim yaz\u0131yor?"},"content":{"rendered":"<div id=\"ez-toc-container\" class=\"ez-toc-v2_0_86 counter-hierarchy ez-toc-counter ez-toc-grey ez-toc-container-direction\">\n<div class=\"ez-toc-title-container\">\n<p class=\"ez-toc-title\" style=\"cursor:inherit\">\u0130\u00e7indekiler tablosu<\/p>\n<span class=\"ez-toc-title-toggle\"><\/span><\/div>\n<nav><ul class='ez-toc-list ez-toc-list-level-1' ><li class='ez-toc-page-1 ez-toc-heading-level-2'><a class=\"ez-toc-link ez-toc-heading-1\" href=\"https:\/\/csiag.eu\/tr\/wer-schreibt-hier\/#Technik\" >Teknoloji<\/a><\/li><li class='ez-toc-page-1 ez-toc-heading-level-2'><a class=\"ez-toc-link ez-toc-heading-2\" href=\"https:\/\/csiag.eu\/tr\/wer-schreibt-hier\/#Beratung\" >Dan\u0131\u015fmanl\u0131k<\/a><\/li><li class='ez-toc-page-1 ez-toc-heading-level-2'><a class=\"ez-toc-link ez-toc-heading-3\" href=\"https:\/\/csiag.eu\/tr\/wer-schreibt-hier\/#Medizin\" >T\u0131p<\/a><\/li><li class='ez-toc-page-1 ez-toc-heading-level-2'><a class=\"ez-toc-link ez-toc-heading-4\" href=\"https:\/\/csiag.eu\/tr\/wer-schreibt-hier\/#Freizeit\" >Bo\u015f zaman<\/a><\/li><li class='ez-toc-page-1 ez-toc-heading-level-2'><a class=\"ez-toc-link ez-toc-heading-5\" href=\"https:\/\/csiag.eu\/tr\/wer-schreibt-hier\/#Umbruch\" >Karga\u015fa<\/a><\/li><li class='ez-toc-page-1 ez-toc-heading-level-2'><a class=\"ez-toc-link ez-toc-heading-6\" href=\"https:\/\/csiag.eu\/tr\/wer-schreibt-hier\/#Aufbruch\" >Kalk\u0131\u015f<\/a><\/li><li class='ez-toc-page-1 ez-toc-heading-level-2'><a class=\"ez-toc-link ez-toc-heading-7\" href=\"https:\/\/csiag.eu\/tr\/wer-schreibt-hier\/#Kontakt\" >Bize ula\u015f\u0131n<\/a><\/li><\/ul><\/nav><\/div>\n<span class=\"span-reading-time rt-reading-time\" style=\"display: block;\"><span class=\"rt-label rt-prefix\">Okuma s\u00fcresi<\/span> <span class=\"rt-time\"> 3<\/span> <span class=\"rt-label rt-postfix\">dakika<\/span><\/span>\n<p class=\"wp-block-paragraph\">\u0130ster t\u0131p, ister LASER, bilgisayar, a\u011f, elektrik, \u00f6l\u00e7\u00fcm ve kontrol veya enerji teknolojisi alanlar\u0131nda olsun, teknoloji bana her zaman \u00e7ekici gelmi\u015ftir. \u00d6zellikle, kendi kendimi e\u011fittim ve \u00e7ok \u00e7e\u015fitli konulara a\u015fina oldum, t\u0131p i\u00e7in ilk ta\u015f\u0131nabilir HeNe-LASER cihaz\u0131n\u0131 geli\u015ftirdim, \u00fcrettim ve da\u011f\u0131tt\u0131m, t\u0131bbi muayenehanelerde ve kliniklerde BT, MR, DR gibi g\u00f6r\u00fcnt\u00fcleme prosed\u00fcrleri i\u00e7in faturalama ve y\u00f6netim programlar\u0131 ve yaz\u0131l\u0131mlar\u0131 tan\u0131tt\u0131m, ayn\u0131 zamanda editoryal kapasitede bir\u00e7ok t\u0131bbi ve teknik konu \u00fczerinde \u00e7al\u0131\u015ft\u0131m.<\/p>\n\n\n\n<h2 class=\"wp-block-heading\"><span class=\"ez-toc-section\" id=\"Technik\"><\/span>Teknoloji<span class=\"ez-toc-section-end\"><\/span><\/h2>\n\n\n\n<p class=\"wp-block-paragraph\">Zamanla, ev ortam\u0131na daha fazla teknik ekipman eklendi, b\u00f6ylece bir a\u011f dolab\u0131 art\u0131k yeterli de\u011fildi ve ikinci bir dolap gerekli hale geldi.<\/p>\n\n\n\n<p class=\"wp-block-paragraph\">SmartHome bilgisayar park\u0131na \u00f6nemli bir katk\u0131da bulundu ve t\u00fcm SmartHome sistemlerinin elektrik kesintileri s\u0131ras\u0131nda bile \u00e7al\u0131\u015fmas\u0131n\u0131 sa\u011flamak i\u00e7in acil durum g\u00fc\u00e7 kaynaklar\u0131 sat\u0131n al\u0131nd\u0131.<\/p>\n\n\n\n<p class=\"wp-block-paragraph\">Elektrik talebi artt\u0131k\u00e7a ve \u015firketin d\u00fc\u015f\u00fcncesi giderek daha ekolojik hale geldik\u00e7e, tek bir \u00e7at\u0131 alt\u0131nda birle\u015ftirilen \u00fc\u00e7 konut biriminin toplam talebinin yakla\u015f\u0131k 95%'sini kar\u015f\u0131lamak i\u00e7in bir yak\u0131t h\u00fccresi, bir mikro CHP \u00fcnitesi ve bir PV sistemi kuruldu.<\/p>\n\n\n\n<p class=\"wp-block-paragraph\">Artan g\u00fcvenlik ihtiyac\u0131 do\u011frultusunda, 22 Hikvision kamera, \u00f6n kap\u0131y\u0131 a\u00e7madan \u00f6nce kime eri\u015fim izni vermek istediklerine karar verebilen kirac\u0131lar\u0131n memnuniyeti i\u00e7in g\u00fcvenlik g\u00f6revlerini \u015fikayet etmeden yerine getiriyor.<\/p>\n\n\n\n<p class=\"wp-block-paragraph\">Ayr\u0131ca, LAN \u00fczerinden 500 MBit\/s DSL ba\u011flant\u0131s\u0131 ve kapsaml\u0131 a\u011f altyap\u0131s\u0131 sayesinde sa\u011flanan 1 GBit\/s mikrodalga ba\u011flant\u0131s\u0131n\u0131n kullan\u0131m\u0131ndan da yararland\u0131lar.<\/p>\n\n\n\n<h2 class=\"wp-block-heading\"><span class=\"ez-toc-section\" id=\"Beratung\"><\/span>Dan\u0131\u015fmanl\u0131k<span class=\"ez-toc-section-end\"><\/span><\/h2>\n\n\n\n<p class=\"wp-block-paragraph\">Profesyonel olarak, esasen yukar\u0131da belirtilen alanlarda dan\u0131\u015fman olarak aktifim, ilgili seminerler, e\u011fitim kurslar\u0131 ve ayn\u0131 zamanda eksiksiz teknik planlama sunuyorum.<\/p>\n\n\n\n<h2 class=\"wp-block-heading\"><span class=\"ez-toc-section\" id=\"Medizin\"><\/span>T\u0131p<span class=\"ez-toc-section-end\"><\/span><\/h2>\n\n\n\n<p class=\"wp-block-paragraph\">T\u0131bbi (uzmanl\u0131k) makaleler blogu giderek zenginle\u015ftirdi\u011finden, okuyuculardan gelen taleplerin de bir sonucu olarak <a href=\"https:\/\/t.me\/natuerliche_Heilkraft\" target=\"_blank\" rel=\"noreferrer noopener\">Telgraf kanal\u0131 <\/a>\u201eBitki d\u00fcnyas\u0131ndan gelen iyile\u015ftirici g\u00fc\u00e7\u201c konusuna odaklanan ve burada yay\u0131nlanan makalelere ba\u011flant\u0131 veren.<\/p>\n\n\n\n<p class=\"wp-block-paragraph\">Adjuvan veya alternatif terap\u00f6tik ajanlar, \u00e7o\u011funlukla hakemli \u00e7al\u0131\u015fmalara ba\u011flant\u0131lar ile her zaman bilimsel olarak kan\u0131tlanm\u0131\u015f ve ayr\u0131nt\u0131l\u0131 etki \u015fekilleri, baz\u0131 durumlarda da at\u0131fta bulunulan \u00e7al\u0131\u015fmalara dayal\u0131 dozaj \u00f6nerileri ile desteklenmi\u015f olarak sunulmaktad\u0131r. Bunlar asla uygulay\u0131c\u0131 ile yap\u0131lacak bir tart\u0131\u015fman\u0131n yerini almaz, ancak mevcut bir tedaviye entegrasyon i\u00e7in ipu\u00e7lar\u0131 ve \u00f6neriler sa\u011flar.<\/p>\n\n\n\n<p class=\"wp-block-paragraph\">Makaleler, bir doktor i\u00e7in uygun bir diyalog orta\u011f\u0131 olmaya uygundur: doktorlar genellikle hastalar\u0131ndan gelen kulaktan dolma hikayelerden b\u0131km\u0131\u015flard\u0131r ve - anla\u015f\u0131l\u0131r bir \u015fekilde - bunlara ay\u0131racak zamanlar\u0131 yoktur.<br>Ancak, sa\u011flam bir \u015fekilde aktar\u0131lan uzmanl\u0131\u011f\u0131n fark\u0131na var\u0131rlarsa, geleneksel t\u0131bbi \u201ealt\u0131n standartlar\u201c ve \u201ek\u0131lavuz tedavilere\u201c ek olarak ger\u00e7eklere a\u00e7\u0131k, minnettar bir diyalog orta\u011f\u0131 haline gelirler, \u00f6zellikle de \u00f6rne\u011fin kendi ara\u015ft\u0131rmalar\u0131n\u0131 yapmak i\u00e7in zamanlar\u0131 olmayan bir makalenin PDF \u00e7\u0131kt\u0131s\u0131 ile bilgi ve g\u00fcncel \u00e7al\u0131\u015fma sonu\u00e7lar\u0131n\u0131 al\u0131rlarsa.<\/p>\n\n\n\n<p class=\"wp-block-paragraph\">\u201e\u0130stenmeyen yan etkileri\u201c olan her farmas\u00f6tik \u00fcr\u00fcn\u00fcn tamamen bitkisel bir muadili (neredeyse istenmeyen yan etkileri olmayan) olmad\u0131\u011f\u0131 her zaman kabul edilmelidir.<\/p>\n\n\n\n<p class=\"wp-block-paragraph\">Her farmakolojik preparat\u0131n \u201eistenmeyen\u201c yan etkilere neden olmad\u0131\u011f\u0131n\u0131 bilmek de \u00f6nemlidir. Ayr\u0131ca - sa\u011fl\u0131kl\u0131 - yan etkiler de vard\u0131r. \u00d6rne\u011fin <em>Rituximab<\/em>, Sadece tek bir i\u015flevi olan bir anti-t\u00fcm\u00f6r ajan\u0131, yani t\u00fcm\u00f6r h\u00fccrelerini \u201ekamuflaj ba\u015fl\u0131klar\u0131n\u0131\u201c kald\u0131rarak ba\u011f\u0131\u015f\u0131kl\u0131k sistemi i\u00e7in eri\u015filebilir hale getirmek ve b\u00f6ylece onlar\u0131 yok etmek.<br>Ortaya \u00e7\u0131kan \u201eyan etkiler\u201c do\u011fald\u0131r: ba\u011f\u0131\u015f\u0131kl\u0131k sistemi milyarlarca ve milyarlarca t\u00fcm\u00f6r h\u00fccresini yok etti\u011finde, ortadan kald\u0131r\u0131lmas\u0131 gereken b\u00fcy\u00fck miktarlarda h\u00fccre art\u0131\u011f\u0131 \u00fcretilir. Bu y\u00fcksek bir performanst\u0131r - ve do\u011fal olarak ate\u015f, titreme, muhtemelen mide bulant\u0131s\u0131 vb. ile birlikte g\u00f6r\u00fcl\u00fcr, ancak \u00f6rne\u011fin \u201eKemoterap\u00f6tiklerden\u201c bilindi\u011fi \u00fczere sa\u00e7 d\u00f6k\u00fclmesi. Ne yaz\u0131k ki bunlar t\u00fcm\u00f6r h\u00fccrelerini hedef almamakta, sadece h\u0131zla b\u00f6l\u00fcnen T\u00dcM h\u00fccreleri, t\u00fcm\u00f6r d\u0131\u015f\u0131 h\u00fccrelerin zarar\u0131na olacak \u015fekilde yok etmektedir ki bu da \u201eistenmeyen\u201c yan etkidir.<\/p>\n\n\n\n<p class=\"wp-block-paragraph\">Katk\u0131lar\u0131m\u0131n amac\u0131, bilgi yoluyla hastalara daha fazla g\u00fcvenlik sa\u011flamakt\u0131r.<\/p>\n\n\n\n<h2 class=\"wp-block-heading\"><span class=\"ez-toc-section\" id=\"Freizeit\"><\/span>Bo\u015f zaman<span class=\"ez-toc-section-end\"><\/span><\/h2>\n\n\n\n<p class=\"wp-block-paragraph\">Bo\u015f zamanlar\u0131mda e\u015fimle, so\u011fuk mevsimde k\u00f6pek \u00e7ekme sporunda birlikte \u00e7al\u0131\u015ft\u0131\u011f\u0131m\u0131z iki huskie'mizle, ayn\u0131 zamanda do\u011fal y\u00fczme havuzumuzdaki serinletici sudan veya do\u011fan\u0131n huzurundan, Oste boyunduru\u011funun \u00f6n\u00fcndeki tarlalar\u0131n geni\u015f manzaras\u0131ndan, yabani tav\u015fanlar\u0131n, s\u00fcl\u00fcnlerin, karacalar\u0131n, leyleklerin bulu\u015fmas\u0131ndan ve s\u0131cak g\u00fcnlerde bile taze esintisini nadiren ka\u00e7\u0131ran her zaman taze \u0130skandinav r\u00fczgar\u0131ndan keyif al\u0131yorum.<\/p>\n\n\n\n<h2 class=\"wp-block-heading\"><span class=\"ez-toc-section\" id=\"Umbruch\"><\/span>Karga\u015fa<span class=\"ez-toc-section-end\"><\/span><\/h2>\n\n\n\n<p class=\"wp-block-paragraph\">C... sorununun belirli y\u0131llar\u0131 \u00e7ok az insan\u0131 zarar g\u00f6rmeden b\u0131rakt\u0131. Baz\u0131lar\u0131 i\u00e7in hi\u00e7bir \u015fey eskisi gibi olmad\u0131, di\u011ferleri erken \u00f6ld\u00fc ve sadece birka\u00e7\u0131 daha ciddi sonu\u00e7lardan kurtuldu.<\/p>\n\n\n\n<h2 class=\"wp-block-heading\"><span class=\"ez-toc-section\" id=\"Aufbruch\"><\/span>Kalk\u0131\u015f<span class=\"ez-toc-section-end\"><\/span><\/h2>\n\n\n\n<p class=\"wp-block-paragraph\">M\u00fclk\u00fcm\u00fcz\u00fc satt\u0131k ve d\u00fcnyan\u0131n huzurlu bir k\u00f6\u015fesini, kalpleri ve zihinleri do\u011fru yerde olan insanlar\u0131 aramak i\u00e7in seyahat etmeye ba\u015flad\u0131k. Bu s\u00fcre zarf\u0131nda, bu blogda \u00e7ok \u00e7e\u015fitli konularda yeni yaz\u0131lar yazmaya devam ettim. <\/p>\n\n\n\n<p class=\"wp-block-paragraph\">Makale \"<a href=\"https:\/\/csiag.eu\/tr\/benim-yollarim\/\" data-type=\"post\" data-id=\"4114\">Benim y\u00f6ntemlerim mi?<\/a>\" hayat\u0131mda geriye d\u00f6n\u00fcp bakt\u0131\u011f\u0131mda benim i\u00e7in de ilgin\u00e7 bir geli\u015fmenin ana hatlar\u0131n\u0131 \u00e7izen, d\u00fc\u015f\u00fcnmeye te\u015fvik eden ve orada burada yeni perspektifler a\u00e7an bir\u00e7ok an\u0131 \u00f6zetliyor.<\/p>\n\n\n\n<h2 class=\"wp-block-heading\"><span class=\"ez-toc-section\" id=\"Kontakt\"><\/span>Bize ula\u015f\u0131n<span class=\"ez-toc-section-end\"><\/span><\/h2>\n\n\n\n<p class=\"wp-block-paragraph\">Bizimle ileti\u015fime ge\u00e7mek isteyen herkese kap\u0131m\u0131z her zaman a\u00e7\u0131kt\u0131r ve bize <a href=\"mailto:\/\/info@csiag.de\" target=\"_blank\" rel=\"noopener\">Posta<\/a> yaz ... :-).<\/p>","protected":false},"excerpt":{"rendered":"<p><span class=\"span-reading-time rt-reading-time\" style=\"display: block;\"><span class=\"rt-label rt-prefix\">Okuma s\u00fcresi<\/span> <span class=\"rt-time\"> 3<\/span> <span class=\"rt-label rt-postfix\">dakika<\/span><\/span>\u0130ster t\u0131p, ister LASER, bilgisayar, a\u011f, elektrik, \u00f6l\u00e7\u00fcm ve kontrol veya enerji teknolojisi alanlar\u0131nda olsun, teknoloji bana her zaman \u00e7ekici gelmi\u015ftir. \u00d6zellikle, kendi kendimi e\u011fittim ve \u00e7ok \u00e7e\u015fitli konulara a\u015fina oldum, t\u0131bbi uygulamalar i\u00e7in ilk ta\u015f\u0131nabilir HeNe-LASER cihaz\u0131n\u0131 geli\u015ftirdim, \u00fcrettim ve da\u011f\u0131tt\u0131m, t\u0131bbi uygulamalarda BT, MR, DR gibi g\u00f6r\u00fcnt\u00fcleme prosed\u00fcrleri i\u00e7in faturalama ve y\u00f6netim programlar\u0131 ve yaz\u0131l\u0131mlar\u0131 geli\u015ftirdim...&nbsp;<a href=\"https:\/\/csiag.eu\/tr\/wer-schreibt-hier\/\" rel=\"bookmark\">Daha fazlas\u0131n\u0131 oku \"<span class=\"screen-reader-text\">Burada kim yaz\u0131yor?<\/span><\/a><\/p>","protected":false},"author":1,"featured_media":0,"parent":0,"menu_order":0,"comment_status":"closed","ping_status":"closed","template":"","meta":{"_lmt_disableupdate":"","_lmt_disable":"","neve_meta_sidebar":"","neve_meta_container":"","neve_meta_enable_content_width":"","neve_meta_content_width":0,"neve_meta_title_alignment":"","neve_meta_author_avatar":"","neve_post_elements_order":"","neve_meta_disable_header":"","neve_meta_disable_footer":"","neve_meta_disable_title":"","footnotes":""},"class_list":["post-58","page","type-page","status-publish","hentry"],"_links":{"self":[{"href":"https:\/\/csiag.eu\/tr\/wp-json\/wp\/v2\/pages\/58","targetHints":{"allow":["GET"]}}],"collection":[{"href":"https:\/\/csiag.eu\/tr\/wp-json\/wp\/v2\/pages"}],"about":[{"href":"https:\/\/csiag.eu\/tr\/wp-json\/wp\/v2\/types\/page"}],"author":[{"embeddable":true,"href":"https:\/\/csiag.eu\/tr\/wp-json\/wp\/v2\/users\/1"}],"replies":[{"embeddable":true,"href":"https:\/\/csiag.eu\/tr\/wp-json\/wp\/v2\/comments?post=58"}],"version-history":[{"count":0,"href":"https:\/\/csiag.eu\/tr\/wp-json\/wp\/v2\/pages\/58\/revisions"}],"wp:attachment":[{"href":"https:\/\/csiag.eu\/tr\/wp-json\/wp\/v2\/media?parent=58"}],"curies":[{"name":"wp","href":"https:\/\/api.w.org\/{rel}","templated":true}]}}